{"id":1828,"date":"2019-11-26T22:17:44","date_gmt":"2019-11-26T22:17:44","guid":{"rendered":"https:\/\/www.sv-boeblingen.de\/turnen\/?page_id=1828"},"modified":"2023-01-26T21:31:53","modified_gmt":"2023-01-26T21:31:53","slug":"ligateam-maennlich","status":"publish","type":"page","link":"https:\/\/www.sv-boeblingen.de\/turnen\/ligateam-maennlich\/","title":{"rendered":"Ligateam m\u00e4nnlich"},"content":{"rendered":"<div id=\"pl-1828\"  class=\"panel-layout\" ><div id=\"pg-1828-0\"  class=\"panel-grid panel-has-style\" ><div class=\"siteorigin-panels-stretch panel-row-style panel-row-style-for-1828-0\" style=\"background-color: rgba(119,207,244,0.63);\" data-stretch-type=\"full-stretched\" ><div id=\"pgc-1828-0-0\"  class=\"panel-grid-cell panel-grid-cell-empty\" ><\/div><div id=\"pgc-1828-0-1\"  class=\"panel-grid-cell panel-grid-cell-mobile-last\" ><div style=\"background-color: rgba(255,255,255,0.7);\" class=\"panel-cell-style panel-cell-style-for-1828-0-1\" ><div id=\"panel-1828-0-1-0\" class=\"so-panel widget widget_sow-headline panel-first-child panel-last-child\" data-index=\"0\" ><div\n\t\t\t\n\t\t\tclass=\"so-widget-sow-headline so-widget-sow-headline-default-81621c410d02-1828 so-widget-fittext-wrapper\"\n\t\t\t data-fit-text-compressor=\"0.85\"\n\t\t><div class=\"sow-headline-container \">\n\t<h1 class='sow-headline'><b>LIGA<\/b>mannschaft<\/h1><h3 class='sow-sub-headline'>m\u00e4nnlich<\/h3><\/div><\/div><\/div><\/div><\/div><div id=\"pgc-1828-0-2\"  class=\"panel-grid-cell panel-grid-cell-empty\" ><\/div><\/div><\/div><div id=\"pg-1828-1\"  class=\"panel-grid panel-has-style\" ><div class=\"siteorigin-panels-stretch panel-row-style panel-row-style-for-1828-1\" data-stretch-type=\"full-stretched\" ><div id=\"pgc-1828-1-0\"  class=\"panel-grid-cell panel-grid-cell-empty\" ><\/div><div id=\"pgc-1828-1-1\"  class=\"panel-grid-cell panel-grid-cell-mobile-last\" ><div style=\"background-color: rgba(255,255,255,0.7);\" class=\"panel-cell-style panel-cell-style-for-1828-1-1\" ><div id=\"panel-1828-1-1-0\" class=\"so-panel widget widget_sow-editor panel-first-child panel-last-child\" data-index=\"1\" ><div\n\t\t\t\n\t\t\tclass=\"so-widget-sow-editor so-widget-sow-editor-base\"\n\t\t\t\n\t\t>\n<div class=\"siteorigin-widget-tinymce textwidget\">\n\t\n<div class=\"vp-portfolio vp-uid-9dc6cb91 vp-id-965 \"\n    data-vp-layout=\"slider\" data-vp-content-source=\"images\" data-vp-items-style=\"fade\" data-vp-items-click-action=\"url\" data-vp-items-gap=\"15\" data-vp-items-gap-vertical=\"\" data-vp-pagination=\"load-more\" data-vp-next-page-url=\"\" data-vp-slider-effect=\"slide\" data-vp-slider-items-height=\"200px\" data-vp-slider-items-min-height=\"\" data-vp-slider-slides-per-view=\"4\" data-vp-slider-speed=\"0.3\" data-vp-slider-autoplay=\"6\" data-vp-slider-autoplay-hover-pause=\"false\" data-vp-slider-centered-slides=\"false\" data-vp-slider-loop=\"true\" data-vp-slider-free-mode=\"true\" data-vp-slider-free-mode-sticky=\"false\" data-vp-slider-arrows=\"true\" data-vp-slider-bullets=\"false\" data-vp-slider-bullets-dynamic=\"false\" data-vp-slider-mousewheel=\"false\" data-vp-slider-thumbnails=\"false\" >\n    <div class=\"vp-portfolio__preloader-wrap\">\n        <div class=\"vp-portfolio__preloader\">\n            <img loading=\"eager\" src=\"https:\/\/www.sv-boeblingen.de\/turnen\/wp-content\/plugins\/visual-portfolio\/assets\/images\/logo-dark.svg\" alt=\"Visual Portfolio, Posts &amp; Image Gallery for WordPress\" width=\"20\" height=\"20\" data-skip-lazy>\n        <\/div>\n    <\/div>\n        <div class=\"vp-portfolio__items-wrap\">\n            \n<div class=\"vp-portfolio__items vp-portfolio__items-style-fade vp-portfolio__items-show-overlay-hover\">\n\n        <div class=\"vp-portfolio__item-wrap vp-portfolio__item-uid-2ea62c40\" data-vp-filter=\"\">\n                        <div class=\"vp-portfolio__item-popup\"\n                style=\"display: none;\"\n                data-vp-popup-img=\"https:\/\/www.sv-boeblingen.de\/turnen\/wp-content\/uploads\/2019\/07\/IMG_20190719_181941-e1596997689531.jpg\"\n                data-vp-popup-img-srcset=\"\"\n                data-vp-popup-img-size=\"1024x1365\"\n                data-vp-popup-md-img=\"https:\/\/www.sv-boeblingen.de\/turnen\/wp-content\/uploads\/2019\/07\/IMG_20190719_181941-e1596997689531.jpg\"\n                data-vp-popup-md-img-size=\"800x1066\"\n                data-vp-popup-sm-img=\"https:\/\/www.sv-boeblingen.de\/turnen\/wp-content\/uploads\/2019\/07\/IMG_20190719_181941-e1596997689531.jpg\"\n                data-vp-popup-sm-img-size=\"500x667\"\n            >\n                                    <h3 class=\"vp-portfolio__item-popup-title\">Barren<\/h3>\n                                <\/div>\n                                    <figure class=\"vp-portfolio__item\">\n                \n<div class=\"vp-portfolio__item-img-wrap\">\n    <div class=\"vp-portfolio__item-img\">\n        <a  href=\"https:\/\/www.sv-boeblingen.de\/turnen\/wp-content\/uploads\/2019\/07\/IMG_20190719_181941-e1596997689531.jpg\" >\n        <img width=\"1024\" height=\"1365\" src=\"https:\/\/www.sv-boeblingen.de\/turnen\/wp-content\/uploads\/2019\/07\/IMG_20190719_181941-e1596997689531.jpg\" class=\"wp-image-760\" alt=\"\" loading=\"lazy\" \/>\n        <\/a>    <\/div>\n<\/div>\n\n<figcaption class=\"vp-portfolio__item-overlay vp-portfolio__item-align-center\">\n    <div class=\"vp-portfolio__item-meta-wrap vp-portfolio__custom-scrollbar\">\n        <a  href=\"https:\/\/www.sv-boeblingen.de\/turnen\/wp-content\/uploads\/2019\/07\/IMG_20190719_181941-e1596997689531.jpg\" tabindex=\"-1\" class=\"vp-portfolio__item-meta\" >\n        \n<h2 class=\"vp-portfolio__item-meta-title\">\n    Barrenturnen<\/h2>\n\n        <\/a>    <\/div>\n<\/figcaption>\n            <\/figure>\n                    <\/div>\n        \n        <div class=\"vp-portfolio__item-wrap vp-portfolio__item-uid-e11d7bb3\" data-vp-filter=\"\">\n                        <div class=\"vp-portfolio__item-popup\"\n                style=\"display: none;\"\n                data-vp-popup-img=\"https:\/\/www.sv-boeblingen.de\/turnen\/wp-content\/uploads\/2019\/07\/IMG_20190719_174103-e1596997684136.jpg\"\n                data-vp-popup-img-srcset=\"\"\n                data-vp-popup-img-size=\"1024x1365\"\n                data-vp-popup-md-img=\"https:\/\/www.sv-boeblingen.de\/turnen\/wp-content\/uploads\/2019\/07\/IMG_20190719_174103-e1596997684136.jpg\"\n                data-vp-popup-md-img-size=\"800x1066\"\n                data-vp-popup-sm-img=\"https:\/\/www.sv-boeblingen.de\/turnen\/wp-content\/uploads\/2019\/07\/IMG_20190719_174103-e1596997684136.jpg\"\n                data-vp-popup-sm-img-size=\"500x667\"\n            >\n                                    <h3 class=\"vp-portfolio__item-popup-title\">Ringe<\/h3>\n                                <\/div>\n                                    <figure class=\"vp-portfolio__item\">\n                \n<div class=\"vp-portfolio__item-img-wrap\">\n    <div class=\"vp-portfolio__item-img\">\n        <a  href=\"https:\/\/www.sv-boeblingen.de\/turnen\/wp-content\/uploads\/2019\/07\/IMG_20190719_174103-e1596997684136.jpg\" >\n        <img width=\"1024\" height=\"1365\" src=\"https:\/\/www.sv-boeblingen.de\/turnen\/wp-content\/uploads\/2019\/07\/IMG_20190719_174103-e1596997684136.jpg\" class=\"wp-image-761\" alt=\"\" loading=\"lazy\" \/>\n        <\/a>    <\/div>\n<\/div>\n\n<figcaption class=\"vp-portfolio__item-overlay vp-portfolio__item-align-center\">\n    <div class=\"vp-portfolio__item-meta-wrap vp-portfolio__custom-scrollbar\">\n        <a  href=\"https:\/\/www.sv-boeblingen.de\/turnen\/wp-content\/uploads\/2019\/07\/IMG_20190719_174103-e1596997684136.jpg\" tabindex=\"-1\" class=\"vp-portfolio__item-meta\" >\n        \n<h2 class=\"vp-portfolio__item-meta-title\">\n    Ringe<\/h2>\n\n        <\/a>    <\/div>\n<\/figcaption>\n            <\/figure>\n                    <\/div>\n        \n        <div class=\"vp-portfolio__item-wrap vp-portfolio__item-uid-a1593f3a\" data-vp-filter=\"\">\n                        <div class=\"vp-portfolio__item-popup\"\n                style=\"display: none;\"\n                data-vp-popup-img=\"https:\/\/www.sv-boeblingen.de\/turnen\/wp-content\/uploads\/2019\/07\/IMG_20190719_185453_1-e1596997697454.jpg\"\n                data-vp-popup-img-srcset=\"\"\n                data-vp-popup-img-size=\"1024x768\"\n                data-vp-popup-md-img=\"https:\/\/www.sv-boeblingen.de\/turnen\/wp-content\/uploads\/2019\/07\/IMG_20190719_185453_1-e1596997697454.jpg\"\n                data-vp-popup-md-img-size=\"800x600\"\n                data-vp-popup-sm-img=\"https:\/\/www.sv-boeblingen.de\/turnen\/wp-content\/uploads\/2019\/07\/IMG_20190719_185453_1-e1596997697454.jpg\"\n                data-vp-popup-sm-img-size=\"500x375\"\n            >\n                                    <h3 class=\"vp-portfolio__item-popup-title\">cof<\/h3>\n                                <\/div>\n                                    <figure class=\"vp-portfolio__item\">\n                \n<div class=\"vp-portfolio__item-img-wrap\">\n    <div class=\"vp-portfolio__item-img\">\n        <a  href=\"https:\/\/www.sv-boeblingen.de\/turnen\/wp-content\/uploads\/2019\/07\/IMG_20190719_185453_1-e1596997697454.jpg\" >\n        <img width=\"1024\" height=\"768\" src=\"https:\/\/www.sv-boeblingen.de\/turnen\/wp-content\/uploads\/2019\/07\/IMG_20190719_185453_1-e1596997697454.jpg\" class=\"wp-image-758\" alt=\"Pauschen\" loading=\"lazy\" \/>\n        <\/a>    <\/div>\n<\/div>\n\n<figcaption class=\"vp-portfolio__item-overlay vp-portfolio__item-align-center\">\n    <div class=\"vp-portfolio__item-meta-wrap vp-portfolio__custom-scrollbar\">\n        <a  href=\"https:\/\/www.sv-boeblingen.de\/turnen\/wp-content\/uploads\/2019\/07\/IMG_20190719_185453_1-e1596997697454.jpg\" tabindex=\"-1\" class=\"vp-portfolio__item-meta\" >\n        \n<h2 class=\"vp-portfolio__item-meta-title\">\n    Philipp an den Pauschen<\/h2>\n\n        <\/a>    <\/div>\n<\/figcaption>\n            <\/figure>\n                    <\/div>\n        \n        <div class=\"vp-portfolio__item-wrap vp-portfolio__item-uid-10531474\" data-vp-filter=\"\">\n                        <div class=\"vp-portfolio__item-popup\"\n                style=\"display: none;\"\n                data-vp-popup-img=\"https:\/\/www.sv-boeblingen.de\/turnen\/wp-content\/uploads\/2019\/07\/ringe1-3-e1596997715169.jpg\"\n                data-vp-popup-img-srcset=\"\"\n                data-vp-popup-img-size=\"1600x583\"\n                data-vp-popup-md-img=\"https:\/\/www.sv-boeblingen.de\/turnen\/wp-content\/uploads\/2019\/07\/ringe1-3-e1596997715169.jpg\"\n                data-vp-popup-md-img-size=\"800x292\"\n                data-vp-popup-sm-img=\"https:\/\/www.sv-boeblingen.de\/turnen\/wp-content\/uploads\/2019\/07\/ringe1-3-e1596997715169.jpg\"\n                data-vp-popup-sm-img-size=\"500x182\"\n            >\n                                    <h3 class=\"vp-portfolio__item-popup-title\">Ringe<\/h3>\n                                <\/div>\n                                    <figure class=\"vp-portfolio__item\">\n                \n<div class=\"vp-portfolio__item-img-wrap\">\n    <div class=\"vp-portfolio__item-img\">\n        <a  href=\"https:\/\/www.sv-boeblingen.de\/turnen\/wp-content\/uploads\/2019\/07\/ringe1-3-e1596997715169.jpg\" >\n        <img width=\"1600\" height=\"583\" src=\"https:\/\/www.sv-boeblingen.de\/turnen\/wp-content\/uploads\/2019\/07\/ringe1-3-e1596997715169.jpg\" class=\"wp-image-754\" alt=\"\" loading=\"lazy\" \/>\n        <\/a>    <\/div>\n<\/div>\n\n<figcaption class=\"vp-portfolio__item-overlay vp-portfolio__item-align-center\">\n    <div class=\"vp-portfolio__item-meta-wrap vp-portfolio__custom-scrollbar\">\n        <a  href=\"https:\/\/www.sv-boeblingen.de\/turnen\/wp-content\/uploads\/2019\/07\/ringe1-3-e1596997715169.jpg\" tabindex=\"-1\" class=\"vp-portfolio__item-meta\" >\n        \n<h2 class=\"vp-portfolio__item-meta-title\">\n    Hangwaage rl.<\/h2>\n\n        <\/a>    <\/div>\n<\/figcaption>\n            <\/figure>\n                    <\/div>\n        \n        <div class=\"vp-portfolio__item-wrap vp-portfolio__item-uid-fdeed842\" data-vp-filter=\"\">\n                        <div class=\"vp-portfolio__item-popup\"\n                style=\"display: none;\"\n                data-vp-popup-img=\"https:\/\/www.sv-boeblingen.de\/turnen\/wp-content\/uploads\/2019\/07\/IMG_20190719_174145-e1596997744341.jpg\"\n                data-vp-popup-img-srcset=\"\"\n                data-vp-popup-img-size=\"1024x768\"\n                data-vp-popup-md-img=\"https:\/\/www.sv-boeblingen.de\/turnen\/wp-content\/uploads\/2019\/07\/IMG_20190719_174145-e1596997744341.jpg\"\n                data-vp-popup-md-img-size=\"800x600\"\n                data-vp-popup-sm-img=\"https:\/\/www.sv-boeblingen.de\/turnen\/wp-content\/uploads\/2019\/07\/IMG_20190719_174145-e1596997744341.jpg\"\n                data-vp-popup-sm-img-size=\"500x375\"\n            >\n                                    <h3 class=\"vp-portfolio__item-popup-title\">edf<\/h3>\n                                <\/div>\n                                    <figure class=\"vp-portfolio__item\">\n                \n<div class=\"vp-portfolio__item-img-wrap\">\n    <div class=\"vp-portfolio__item-img\">\n        <a  href=\"https:\/\/www.sv-boeblingen.de\/turnen\/wp-content\/uploads\/2019\/07\/IMG_20190719_174145-e1596997744341.jpg\" >\n        <img width=\"1024\" height=\"768\" src=\"https:\/\/www.sv-boeblingen.de\/turnen\/wp-content\/uploads\/2019\/07\/IMG_20190719_174145-e1596997744341.jpg\" class=\"wp-image-751\" alt=\"Pauschen\" loading=\"lazy\" \/>\n        <\/a>    <\/div>\n<\/div>\n\n<figcaption class=\"vp-portfolio__item-overlay vp-portfolio__item-align-center\">\n    <div class=\"vp-portfolio__item-meta-wrap vp-portfolio__custom-scrollbar\">\n        <a  href=\"https:\/\/www.sv-boeblingen.de\/turnen\/wp-content\/uploads\/2019\/07\/IMG_20190719_174145-e1596997744341.jpg\" tabindex=\"-1\" class=\"vp-portfolio__item-meta\" >\n        \n<h2 class=\"vp-portfolio__item-meta-title\">\n    Old but Gold!<\/h2>\n\n        <\/a>    <\/div>\n<\/figcaption>\n            <\/figure>\n                    <\/div>\n        \n<\/div>\n\n<div class=\"vp-portfolio__items-arrow vp-portfolio__items-arrow-prev\" tabindex=\"0\" role=\"button\" aria-label=\"Previous Slide\">\n    \n<svg class=\"vp-svg-icon\" width=\"20\" height=\"20\" viewBox=\"0 0 20 20\" fill=\"none\" xmlns=\"http:\/\/www.w3.org\/2000\/svg\">\n    <path d=\"M12 4L6 10L12 16\" stroke=\"currentColor\" stroke-width=\"1.5\" stroke-linecap=\"round\" stroke-linejoin=\"round\" fill=\"transparent\" \/>\n<\/svg>\n<\/div>\n<div class=\"vp-portfolio__items-arrow vp-portfolio__items-arrow-next\" tabindex=\"0\" role=\"button\" aria-label=\"Next Slide\">\n    \n<svg class=\"vp-svg-icon\" width=\"20\" height=\"20\" viewBox=\"0 0 20 20\" fill=\"none\" xmlns=\"http:\/\/www.w3.org\/2000\/svg\">\n    <path d=\"M8 4L14 10L8 16\" stroke=\"currentColor\" stroke-width=\"1.5\" stroke-linecap=\"round\" stroke-linejoin=\"round\" fill=\"transparent\" \/>\n<\/svg>\n<\/div>\n        <\/div>\n        \n<\/div>\n\n<\/div>\n<\/div><\/div><\/div><\/div><div id=\"pgc-1828-1-2\"  class=\"panel-grid-cell panel-grid-cell-empty\" ><\/div><\/div><\/div><div id=\"pg-1828-2\"  class=\"panel-grid panel-has-style\" ><div class=\"siteorigin-panels-stretch panel-row-style panel-row-style-for-1828-2\" data-stretch-type=\"full-stretched\" ><div id=\"pgc-1828-2-0\"  class=\"panel-grid-cell panel-grid-cell-empty\" ><\/div><div id=\"pgc-1828-2-1\"  class=\"panel-grid-cell panel-grid-cell-mobile-last\" ><div style=\"background-color: rgba(255,255,255,0.7);\" class=\"panel-cell-style panel-cell-style-for-1828-2-1\" ><div id=\"panel-1828-2-1-0\" class=\"so-panel widget widget_sow-headline panel-first-child\" data-index=\"2\" ><div class=\"panel-widget-style panel-widget-style-for-1828-2-1-0\" ><div\n\t\t\t\n\t\t\tclass=\"so-widget-sow-headline so-widget-sow-headline-default-3004f3b83b14-1828 so-widget-fittext-wrapper\"\n\t\t\t data-fit-text-compressor=\"0.85\"\n\t\t><div class=\"sow-headline-container \">\n\t<h1 class='sow-headline'>\u00dcBER <b>UNS<\/b><\/h1><h3 class='sow-sub-headline'>Die Mannschaft stellt sich vor<\/h3><\/div><\/div><\/div><\/div><div id=\"panel-1828-2-1-1\" class=\"so-panel widget widget_echelonso-eso-tabs panel-last-child\" data-index=\"3\" ><div class=\"panel-widget-style panel-widget-style-for-1828-2-1-1\" ><div\n\t\t\t\n\t\t\tclass=\"so-widget-echelonso-eso-tabs so-widget-echelonso-eso-tabs-default-d37a3a6296af-1828\"\n\t\t\t\n\t\t><ul class=\" uk-margin-remove\" uk-tab=\"animation: uk-animation-fade, uk-animation-fade\">\r\n\r\n            <li class=\"uk-padding-remove\">\r\n            <a href=\"#\" class=\"\">\r\n\r\n                Beschreibung\r\n            <\/a>\r\n        <\/li>\r\n            <li class=\"uk-padding-remove\">\r\n            <a href=\"#\" class=\"\">\r\n\r\n                Die Mannschaft\r\n            <\/a>\r\n        <\/li>\r\n            <li class=\"uk-padding-remove\">\r\n            <a href=\"#\" class=\"\">\r\n\r\n                Trainingszeiten und Trainingsort\r\n            <\/a>\r\n        <\/li>\r\n    \r\n<\/ul>\r\n\r\n<ul class=\"uk-switcher uk-overflow-hidden\">\r\n\r\n            <li>\r\n            <div id=\"pl-wf2e6f090\"  class=\"panel-layout\" ><div id=\"pg-wf2e6f090-0\"  class=\"panel-grid panel-has-style\" ><div class=\"panel-row-style panel-row-style-for-wf2e6f090-0\" ><div id=\"pgc-wf2e6f090-0-0\"  class=\"panel-grid-cell\" ><div id=\"panel-wf2e6f090-0-0-0\" class=\"so-panel widget widget_themegrill_suffice_image tg-widget tg-image-widget panel-first-child panel-last-child\" data-index=\"0\" >\t<img src=\"https:\/\/www.sv-boeblingen.de\/turnen\/wp-content\/uploads\/2023\/01\/IRF_4336.jpg\" \/>\n<\/div><\/div><div id=\"pgc-wf2e6f090-0-1\"  class=\"panel-grid-cell\" ><div id=\"panel-wf2e6f090-0-1-0\" class=\"so-panel widget widget_echelonso-eso-text panel-first-child panel-last-child\" data-index=\"1\" ><div\n\t\t\t\n\t\t\tclass=\"so-widget-echelonso-eso-text so-widget-echelonso-eso-text-default-d7e5ed2dd006\"\n\t\t\t\n\t\t><div class=\"uk-text \">\r\n    <p>Angefangen hat die Mannschaft 2014 in der Kreisliga und ist 2016 in die Bezirksliga aufgestiegen. Die Mannschaft bestand bis Ende der Saison 2019 aus 9 Jungs im Alter zwischen 19 und 22 Jahre, mit Philipp St\u00e4rk, Tim Fischer, Christoph St\u00e4rk, Paul Riesch, Ben Feucht, Moritz Straubel vom TVB, Olivier Deuster, Louis Mayer und Nik Gallmeister. Letztere 3 haben leider mit dem Turnen aufgeh\u00f6rt und sind f\u00fcr die kommende Saison nicht dabei. Unterst\u00fctzung kommt daf\u00fcr nun vom Nachwuchs mit Dino Gaeta (15), Dennis Ziegler (16) und Fabian Moroff (15). <br \/>\nTrainiert wird die Mannschaft von Frank Stahn und Mario Lutz, wobei die Jungs immer mehr selbstst\u00e4ndig agieren.<br \/>\nDie Kampfrichter f\u00fcr die Bezirksliga sind die beiden genannten Trainer und Martin Rehm.\nUnterst\u00fctzung kommt aber nun von Philipp St\u00e4rk, Ben Feucht und Philipp Lutz, die die Kampfrichter B-Lizenz in Angriff genommen und die Pr\u00fcfung erfolgreich absolviert  haben.<\/p>\n<\/div>\r\n<\/div><\/div><\/div><\/div><\/div><\/div>        <\/li>\r\n            <li>\r\n            <div id=\"pl-w5dd75c2c\"  class=\"panel-layout\" ><div id=\"pg-w5dd75c2c-0\"  class=\"panel-grid panel-has-style\" ><div class=\"lsow-dark-bg panel-row-style panel-row-style-for-w5dd75c2c-0\" ><div id=\"pgc-w5dd75c2c-0-0\"  class=\"panel-grid-cell\" ><div class=\"panel-cell-style panel-cell-style-for-w5dd75c2c-0-0\" ><div id=\"panel-w5dd75c2c-0-0-0\" class=\"so-panel widget widget_lsow-team-members panel-first-child panel-last-child\" data-index=\"0\" ><div class=\"panel-widget-style panel-widget-style-for-w5dd75c2c-0-0-0\" ><div\n\t\t\t\n\t\t\tclass=\"so-widget-lsow-team-members so-widget-lsow-team-members-style1-d75171398898\"\n\t\t\t\n\t\t>\n<div class=\"lsow-team-members lsow-style1 lsow-grid-container  lsow-grid-desktop-1 lsow-grid-tablet-1 lsow-grid-mobile-1\"><div class=\"lsow-grid-item lsow-team-member-wrapper\"><div class=\"lsow-team-member \" ><div class=\"lsow-image-wrapper\"><img width=\"150\" height=\"150\" src=\"https:\/\/www.sv-boeblingen.de\/turnen\/wp-content\/uploads\/2019\/12\/Ben-150x150.jpg\" class=\"lsow-image\" alt=\"\" loading=\"lazy\" srcset=\"https:\/\/www.sv-boeblingen.de\/turnen\/wp-content\/uploads\/2019\/12\/Ben-150x150.jpg 150w, https:\/\/www.sv-boeblingen.de\/turnen\/wp-content\/uploads\/2019\/12\/Ben-600x600.jpg 600w, https:\/\/www.sv-boeblingen.de\/turnen\/wp-content\/uploads\/2019\/12\/Ben-1200x1200.jpg 1200w, https:\/\/www.sv-boeblingen.de\/turnen\/wp-content\/uploads\/2019\/12\/Ben-100x100.jpg 100w\" sizes=\"(max-width: 150px) 100vw, 150px\" \/><div class=\"lsow-social-wrap\"><div class=\"lsow-social-list\"><\/div><!-- .lsow-social-list --><\/div><!-- .lsow-social-wrap --><\/div><!-- .lsow-image-wrapper --><div class=\"lsow-team-member-text\"><h3 class=\"lsow-title\">Ben Feucht<\/h3><div class=\"lsow-team-member-position\">1999<\/div><div class=\"lsow-team-member-details\"> <table style=\"width:100%;border: none\">\n  <tr style=\"border: none\">\n    <td style=\"text-align:left;width:15%;border: none\"><i class=\"far fa-star\" style=\"color:#01a3d7\"><\/i> <\/td>\n    <td style=\"border: none\">Pauschen, Reck<\/td>\n  <\/tr>\n  <tr style=\"border: none\">\n      <td style=\"border: none;vertical-align:top\"><i class=\"fas fa-graduation-cap\" style=\"color:#01a3d7;border: none\"><\/i> <\/td>\n      <td style=\"border: none\"><b>Student:<\/b><br \/>  Medieninformatik<\/td>\n  <\/tr>\n<\/table> \n<\/div><\/div><!-- .lsow-team-member-text --><\/div><!-- .lsow-team-member --><\/div><!-- .lsow-team-member-wrapper --><\/div><!-- .lsow-team-members --><div class=\"lsow-clear\"><\/div><\/div><\/div><\/div><\/div><\/div><div id=\"pgc-w5dd75c2c-0-1\"  class=\"panel-grid-cell\" ><div class=\"panel-cell-style panel-cell-style-for-w5dd75c2c-0-1\" ><div id=\"panel-w5dd75c2c-0-1-0\" class=\"so-panel widget widget_lsow-team-members panel-first-child panel-last-child\" data-index=\"1\" ><div class=\"panel-widget-style panel-widget-style-for-w5dd75c2c-0-1-0\" ><div\n\t\t\t\n\t\t\tclass=\"so-widget-lsow-team-members so-widget-lsow-team-members-style1-d75171398898\"\n\t\t\t\n\t\t>\n<div class=\"lsow-team-members lsow-style1 lsow-grid-container  lsow-grid-desktop-1 lsow-grid-tablet-1 lsow-grid-mobile-1\"><div class=\"lsow-grid-item lsow-team-member-wrapper\"><div class=\"lsow-team-member \" ><div class=\"lsow-image-wrapper\"><img width=\"150\" height=\"150\" src=\"https:\/\/www.sv-boeblingen.de\/turnen\/wp-content\/uploads\/2019\/12\/Chrisi-150x150.jpg\" class=\"lsow-image\" alt=\"\" loading=\"lazy\" srcset=\"https:\/\/www.sv-boeblingen.de\/turnen\/wp-content\/uploads\/2019\/12\/Chrisi-150x150.jpg 150w, https:\/\/www.sv-boeblingen.de\/turnen\/wp-content\/uploads\/2019\/12\/Chrisi-600x600.jpg 600w, https:\/\/www.sv-boeblingen.de\/turnen\/wp-content\/uploads\/2019\/12\/Chrisi-1200x1200.jpg 1200w, https:\/\/www.sv-boeblingen.de\/turnen\/wp-content\/uploads\/2019\/12\/Chrisi-100x100.jpg 100w\" sizes=\"(max-width: 150px) 100vw, 150px\" \/><div class=\"lsow-social-wrap\"><div class=\"lsow-social-list\"><\/div><!-- .lsow-social-list --><\/div><!-- .lsow-social-wrap --><\/div><!-- .lsow-image-wrapper --><div class=\"lsow-team-member-text\"><h3 class=\"lsow-title\">Christoph St\u00e4rk<\/h3><div class=\"lsow-team-member-position\">1999<\/div><div class=\"lsow-team-member-details\"> <table style=\"width:100%;border: none\">\n  <tr style=\"border: none\">\n    <td style=\"text-align:left;width:15%;border: none\"><i class=\"far fa-star\" style=\"color:#01a3d7\"><\/i> <\/td>\n    <td style=\"border: none\">Pauschen, Barren<\/td>\n  <\/tr>\n  <tr style=\"border: none\">\n      <td style=\"border: none;vertical-align:top\"><i class=\"fas fa-graduation-cap\" style=\"color:#01a3d7;border: none\"><\/i> <\/td>\n      <td style=\"border: none\"><b>Student:<\/b><br \/>  Medezintechnik<\/td>\n  <\/tr>\n<\/table> \n<\/div><\/div><!-- .lsow-team-member-text --><\/div><!-- .lsow-team-member --><\/div><!-- .lsow-team-member-wrapper --><\/div><!-- .lsow-team-members --><div class=\"lsow-clear\"><\/div><\/div><\/div><\/div><\/div><\/div><div id=\"pgc-w5dd75c2c-0-2\"  class=\"panel-grid-cell\" ><div class=\"panel-cell-style panel-cell-style-for-w5dd75c2c-0-2\" ><div id=\"panel-w5dd75c2c-0-2-0\" class=\"so-panel widget widget_lsow-team-members panel-first-child panel-last-child\" data-index=\"2\" ><div class=\"panel-widget-style panel-widget-style-for-w5dd75c2c-0-2-0\" ><div\n\t\t\t\n\t\t\tclass=\"so-widget-lsow-team-members so-widget-lsow-team-members-style1-d75171398898\"\n\t\t\t\n\t\t>\n<div class=\"lsow-team-members lsow-style1 lsow-grid-container  lsow-grid-desktop-1 lsow-grid-tablet-1 lsow-grid-mobile-1\"><div class=\"lsow-grid-item lsow-team-member-wrapper\"><div class=\"lsow-team-member \" ><div class=\"lsow-image-wrapper\"><img width=\"150\" height=\"150\" src=\"https:\/\/www.sv-boeblingen.de\/turnen\/wp-content\/uploads\/2019\/12\/Dennis-150x150.jpg\" class=\"lsow-image\" alt=\"\" loading=\"lazy\" srcset=\"https:\/\/www.sv-boeblingen.de\/turnen\/wp-content\/uploads\/2019\/12\/Dennis-150x150.jpg 150w, https:\/\/www.sv-boeblingen.de\/turnen\/wp-content\/uploads\/2019\/12\/Dennis-600x600.jpg 600w, https:\/\/www.sv-boeblingen.de\/turnen\/wp-content\/uploads\/2019\/12\/Dennis-1200x1200.jpg 1200w, https:\/\/www.sv-boeblingen.de\/turnen\/wp-content\/uploads\/2019\/12\/Dennis-100x100.jpg 100w\" sizes=\"(max-width: 150px) 100vw, 150px\" \/><div class=\"lsow-social-wrap\"><div class=\"lsow-social-list\"><\/div><!-- .lsow-social-list --><\/div><!-- .lsow-social-wrap --><\/div><!-- .lsow-image-wrapper --><div class=\"lsow-team-member-text\"><h3 class=\"lsow-title\">Dennis Ziegler<\/h3><div class=\"lsow-team-member-position\">2003<\/div><div class=\"lsow-team-member-details\"> <table style=\"width:100%;border: none\">\n  <tr style=\"border: none\">\n    <td style=\"text-align:left;width:15%;border: none\"><i class=\"far fa-star\" style=\"color:#01a3d7\"><\/i> <\/td>\n    <td style=\"border: none\">Sprung, Barren<\/td>\n  <\/tr>\n  <tr style=\"border: none\">\n      <td style=\"border: none;vertical-align:top\"><i class=\"fas fa-graduation-cap\" style=\"color:#01a3d7;border: none\"><\/i> <\/td>\n      <td style=\"border: none\"><b>Ausbildung:<\/b><br \/>  Industriemechaniker<\/td>\n  <\/tr>\n<\/table> \n<\/div><\/div><!-- .lsow-team-member-text --><\/div><!-- .lsow-team-member --><\/div><!-- .lsow-team-member-wrapper --><\/div><!-- .lsow-team-members --><div class=\"lsow-clear\"><\/div><\/div><\/div><\/div><\/div><\/div><\/div><\/div><div id=\"pg-w5dd75c2c-1\"  class=\"panel-grid panel-has-style\" ><div class=\"lsow-dark-bg panel-row-style panel-row-style-for-w5dd75c2c-1\" ><div id=\"pgc-w5dd75c2c-1-0\"  class=\"panel-grid-cell\" ><div class=\"panel-cell-style panel-cell-style-for-w5dd75c2c-1-0\" ><div id=\"panel-w5dd75c2c-1-0-0\" class=\"so-panel widget widget_lsow-team-members panel-first-child panel-last-child\" data-index=\"3\" ><div class=\"panel-widget-style panel-widget-style-for-w5dd75c2c-1-0-0\" ><div\n\t\t\t\n\t\t\tclass=\"so-widget-lsow-team-members so-widget-lsow-team-members-style1-d75171398898\"\n\t\t\t\n\t\t>\n<div class=\"lsow-team-members lsow-style1 lsow-grid-container  lsow-grid-desktop-1 lsow-grid-tablet-1 lsow-grid-mobile-1\"><div class=\"lsow-grid-item lsow-team-member-wrapper\"><div class=\"lsow-team-member \" ><div class=\"lsow-image-wrapper\"><img width=\"150\" height=\"150\" src=\"https:\/\/www.sv-boeblingen.de\/turnen\/wp-content\/uploads\/2019\/12\/Dino-150x150.jpg\" class=\"lsow-image\" alt=\"\" loading=\"lazy\" srcset=\"https:\/\/www.sv-boeblingen.de\/turnen\/wp-content\/uploads\/2019\/12\/Dino-150x150.jpg 150w, https:\/\/www.sv-boeblingen.de\/turnen\/wp-content\/uploads\/2019\/12\/Dino-600x600.jpg 600w, https:\/\/www.sv-boeblingen.de\/turnen\/wp-content\/uploads\/2019\/12\/Dino-1200x1200.jpg 1200w, https:\/\/www.sv-boeblingen.de\/turnen\/wp-content\/uploads\/2019\/12\/Dino-100x100.jpg 100w\" sizes=\"(max-width: 150px) 100vw, 150px\" \/><div class=\"lsow-social-wrap\"><div class=\"lsow-social-list\"><\/div><!-- .lsow-social-list --><\/div><!-- .lsow-social-wrap --><\/div><!-- .lsow-image-wrapper --><div class=\"lsow-team-member-text\"><h3 class=\"lsow-title\">Dino Gaeta<\/h3><div class=\"lsow-team-member-position\">2003<\/div><div class=\"lsow-team-member-details\"> <table style=\"width:100%;border: none\">\n  <tr style=\"border: none\">\n    <td style=\"text-align:left;width:15%;border: none\"><i class=\"far fa-star\" style=\"color:#01a3d7\"><\/i> <\/td>\n    <td style=\"border: none\">Boden, Ringe<\/td>\n  <\/tr>\n  <tr style=\"border: none\">\n      <td style=\"border: none;vertical-align:top\"><i class=\"fas fa-graduation-cap\" style=\"color:#01a3d7;border: none\"><\/i> <\/td>\n      <td style=\"border: none\"><b>Sch\u00fcler<\/b> <br \/>-<\/td>\n  <\/tr>\n<\/table> \n<\/div><\/div><!-- .lsow-team-member-text --><\/div><!-- .lsow-team-member --><\/div><!-- .lsow-team-member-wrapper --><\/div><!-- .lsow-team-members --><div class=\"lsow-clear\"><\/div><\/div><\/div><\/div><\/div><\/div><div id=\"pgc-w5dd75c2c-1-1\"  class=\"panel-grid-cell\" ><div class=\"panel-cell-style panel-cell-style-for-w5dd75c2c-1-1\" ><div id=\"panel-w5dd75c2c-1-1-0\" class=\"so-panel widget widget_lsow-team-members panel-first-child panel-last-child\" data-index=\"4\" ><div class=\"panel-widget-style panel-widget-style-for-w5dd75c2c-1-1-0\" ><div\n\t\t\t\n\t\t\tclass=\"so-widget-lsow-team-members so-widget-lsow-team-members-style1-d75171398898\"\n\t\t\t\n\t\t>\n<div class=\"lsow-team-members lsow-style1 lsow-grid-container  lsow-grid-desktop-1 lsow-grid-tablet-1 lsow-grid-mobile-1\"><div class=\"lsow-grid-item lsow-team-member-wrapper\"><div class=\"lsow-team-member \" ><div class=\"lsow-image-wrapper\"><img width=\"150\" height=\"150\" src=\"https:\/\/www.sv-boeblingen.de\/turnen\/wp-content\/uploads\/2019\/12\/Fabi-150x150.jpg\" class=\"lsow-image\" alt=\"\" loading=\"lazy\" srcset=\"https:\/\/www.sv-boeblingen.de\/turnen\/wp-content\/uploads\/2019\/12\/Fabi-150x150.jpg 150w, https:\/\/www.sv-boeblingen.de\/turnen\/wp-content\/uploads\/2019\/12\/Fabi-600x600.jpg 600w, https:\/\/www.sv-boeblingen.de\/turnen\/wp-content\/uploads\/2019\/12\/Fabi-1200x1200.jpg 1200w, https:\/\/www.sv-boeblingen.de\/turnen\/wp-content\/uploads\/2019\/12\/Fabi-100x100.jpg 100w\" sizes=\"(max-width: 150px) 100vw, 150px\" \/><div class=\"lsow-social-wrap\"><div class=\"lsow-social-list\"><\/div><!-- .lsow-social-list --><\/div><!-- .lsow-social-wrap --><\/div><!-- .lsow-image-wrapper --><div class=\"lsow-team-member-text\"><h3 class=\"lsow-title\">Fabian Moroff<\/h3><div class=\"lsow-team-member-position\">2004<\/div><div class=\"lsow-team-member-details\"> <table style=\"width:100%;border: none\">\n  <tr style=\"border: none\">\n    <td style=\"text-align:left;width:15%;border: none\"><i class=\"far fa-star\" style=\"color:#01a3d7\"><\/i> <\/td>\n    <td style=\"border: none\">Boden, Pauschen<\/td>\n  <\/tr>\n  <tr style=\"border: none\">\n      <td style=\"border: none;vertical-align:top\"><i class=\"fas fa-graduation-cap\" style=\"color:#01a3d7;border: none\"><\/i> <\/td>\n      <td style=\"border: none\"><b>Sch\u00fcler<\/b><br \/>-<\/td>\n  <\/tr>\n<\/table> \n<\/div><\/div><!-- .lsow-team-member-text --><\/div><!-- .lsow-team-member --><\/div><!-- .lsow-team-member-wrapper --><\/div><!-- .lsow-team-members --><div class=\"lsow-clear\"><\/div><\/div><\/div><\/div><\/div><\/div><div id=\"pgc-w5dd75c2c-1-2\"  class=\"panel-grid-cell\" ><div class=\"panel-cell-style panel-cell-style-for-w5dd75c2c-1-2\" ><div id=\"panel-w5dd75c2c-1-2-0\" class=\"so-panel widget widget_lsow-team-members panel-first-child panel-last-child\" data-index=\"5\" ><div class=\"panel-widget-style panel-widget-style-for-w5dd75c2c-1-2-0\" ><div\n\t\t\t\n\t\t\tclass=\"so-widget-lsow-team-members so-widget-lsow-team-members-style1-d75171398898\"\n\t\t\t\n\t\t>\n<div class=\"lsow-team-members lsow-style1 lsow-grid-container  lsow-grid-desktop-1 lsow-grid-tablet-1 lsow-grid-mobile-1\"><div class=\"lsow-grid-item lsow-team-member-wrapper\"><div class=\"lsow-team-member \" ><div class=\"lsow-image-wrapper\"><img width=\"150\" height=\"150\" src=\"https:\/\/www.sv-boeblingen.de\/turnen\/wp-content\/uploads\/2019\/12\/Moritz-150x150.jpg\" class=\"lsow-image\" alt=\"\" loading=\"lazy\" srcset=\"https:\/\/www.sv-boeblingen.de\/turnen\/wp-content\/uploads\/2019\/12\/Moritz-150x150.jpg 150w, https:\/\/www.sv-boeblingen.de\/turnen\/wp-content\/uploads\/2019\/12\/Moritz-600x600.jpg 600w, https:\/\/www.sv-boeblingen.de\/turnen\/wp-content\/uploads\/2019\/12\/Moritz-1200x1200.jpg 1200w, https:\/\/www.sv-boeblingen.de\/turnen\/wp-content\/uploads\/2019\/12\/Moritz-100x100.jpg 100w\" sizes=\"(max-width: 150px) 100vw, 150px\" \/><div class=\"lsow-social-wrap\"><div class=\"lsow-social-list\"><\/div><!-- .lsow-social-list --><\/div><!-- .lsow-social-wrap --><\/div><!-- .lsow-image-wrapper --><div class=\"lsow-team-member-text\"><h3 class=\"lsow-title\">Moritz Straubel<\/h3><div class=\"lsow-team-member-position\">2000<\/div><div class=\"lsow-team-member-details\"> <table style=\"width:100%;border: none\">\n  <tr style=\"border: none\">\n    <td style=\"text-align:left;width:15%;border: none\"><i class=\"far fa-star\" style=\"color:#01a3d7\"><\/i> <\/td>\n    <td style=\"border: none\">Sprung, Barren<\/td>\n  <\/tr>\n  <tr style=\"border: none\">\n      <td style=\"border: none;vertical-align:top\"><i class=\"fas fa-graduation-cap\" style=\"color:#01a3d7;border: none\"><\/i> <\/td>\n      <td style=\"border: none\"><b>Ausbildung:<\/b><br \/>  Elektroniker<\/td>\n  <\/tr>\n<\/table> \n<\/div><\/div><!-- .lsow-team-member-text --><\/div><!-- .lsow-team-member --><\/div><!-- .lsow-team-member-wrapper --><\/div><!-- .lsow-team-members --><div class=\"lsow-clear\"><\/div><\/div><\/div><\/div><\/div><\/div><\/div><\/div><div id=\"pg-w5dd75c2c-2\"  class=\"panel-grid panel-has-style\" ><div class=\"lsow-dark-bg panel-row-style panel-row-style-for-w5dd75c2c-2\" ><div id=\"pgc-w5dd75c2c-2-0\"  class=\"panel-grid-cell\" ><div class=\"panel-cell-style panel-cell-style-for-w5dd75c2c-2-0\" ><div id=\"panel-w5dd75c2c-2-0-0\" class=\"so-panel widget widget_lsow-team-members panel-first-child panel-last-child\" data-index=\"6\" ><div class=\"panel-widget-style panel-widget-style-for-w5dd75c2c-2-0-0\" ><div\n\t\t\t\n\t\t\tclass=\"so-widget-lsow-team-members so-widget-lsow-team-members-style1-d75171398898\"\n\t\t\t\n\t\t>\n<div class=\"lsow-team-members lsow-style1 lsow-grid-container  lsow-grid-desktop-1 lsow-grid-tablet-1 lsow-grid-mobile-1\"><div class=\"lsow-grid-item lsow-team-member-wrapper\"><div class=\"lsow-team-member \" ><div class=\"lsow-image-wrapper\"><img width=\"150\" height=\"150\" src=\"https:\/\/www.sv-boeblingen.de\/turnen\/wp-content\/uploads\/2019\/12\/Paul-150x150.jpg\" class=\"lsow-image\" alt=\"\" loading=\"lazy\" srcset=\"https:\/\/www.sv-boeblingen.de\/turnen\/wp-content\/uploads\/2019\/12\/Paul-150x150.jpg 150w, https:\/\/www.sv-boeblingen.de\/turnen\/wp-content\/uploads\/2019\/12\/Paul-600x600.jpg 600w, https:\/\/www.sv-boeblingen.de\/turnen\/wp-content\/uploads\/2019\/12\/Paul-1200x1200.jpg 1200w, https:\/\/www.sv-boeblingen.de\/turnen\/wp-content\/uploads\/2019\/12\/Paul-100x100.jpg 100w\" sizes=\"(max-width: 150px) 100vw, 150px\" \/><div class=\"lsow-social-wrap\"><div class=\"lsow-social-list\"><\/div><!-- .lsow-social-list --><\/div><!-- .lsow-social-wrap --><\/div><!-- .lsow-image-wrapper --><div class=\"lsow-team-member-text\"><h3 class=\"lsow-title\">Paul Riesch<\/h3><div class=\"lsow-team-member-position\">1999<\/div><div class=\"lsow-team-member-details\"> <table style=\"width:100%;border: none\">\n  <tr style=\"border: none\">\n    <td style=\"text-align:left;width:15%;border: none\"><i class=\"far fa-star\" style=\"color:#01a3d7\"><\/i> <\/td>\n    <td style=\"border: none\">Boden, Ringe<\/td>\n  <\/tr>\n  <tr style=\"border: none\">\n      <td style=\"border: none;vertical-align:top\"><i class=\"fas fa-graduation-cap\" style=\"color:#01a3d7;border: none\"><\/i> <\/td>\n      <td style=\"border: none\"><b>Student:<\/b> <br \/> Informatik<\/td>\n  <\/tr>\n<\/table> \n<\/div><\/div><!-- .lsow-team-member-text --><\/div><!-- .lsow-team-member --><\/div><!-- .lsow-team-member-wrapper --><\/div><!-- .lsow-team-members --><div class=\"lsow-clear\"><\/div><\/div><\/div><\/div><\/div><\/div><div id=\"pgc-w5dd75c2c-2-1\"  class=\"panel-grid-cell\" ><div class=\"panel-cell-style panel-cell-style-for-w5dd75c2c-2-1\" ><div id=\"panel-w5dd75c2c-2-1-0\" class=\"so-panel widget widget_lsow-team-members panel-first-child panel-last-child\" data-index=\"7\" ><div class=\"panel-widget-style panel-widget-style-for-w5dd75c2c-2-1-0\" ><div\n\t\t\t\n\t\t\tclass=\"so-widget-lsow-team-members so-widget-lsow-team-members-style1-d75171398898\"\n\t\t\t\n\t\t>\n<div class=\"lsow-team-members lsow-style1 lsow-grid-container  lsow-grid-desktop-1 lsow-grid-tablet-1 lsow-grid-mobile-1\"><div class=\"lsow-grid-item lsow-team-member-wrapper\"><div class=\"lsow-team-member \" ><div class=\"lsow-image-wrapper\"><img width=\"150\" height=\"150\" src=\"https:\/\/www.sv-boeblingen.de\/turnen\/wp-content\/uploads\/2019\/12\/Philipp-150x150.jpg\" class=\"lsow-image\" alt=\"\" loading=\"lazy\" srcset=\"https:\/\/www.sv-boeblingen.de\/turnen\/wp-content\/uploads\/2019\/12\/Philipp-150x150.jpg 150w, https:\/\/www.sv-boeblingen.de\/turnen\/wp-content\/uploads\/2019\/12\/Philipp-600x600.jpg 600w, https:\/\/www.sv-boeblingen.de\/turnen\/wp-content\/uploads\/2019\/12\/Philipp-1200x1200.jpg 1200w, https:\/\/www.sv-boeblingen.de\/turnen\/wp-content\/uploads\/2019\/12\/Philipp-100x100.jpg 100w\" sizes=\"(max-width: 150px) 100vw, 150px\" \/><div class=\"lsow-social-wrap\"><div class=\"lsow-social-list\"><\/div><!-- .lsow-social-list --><\/div><!-- .lsow-social-wrap --><\/div><!-- .lsow-image-wrapper --><div class=\"lsow-team-member-text\"><h3 class=\"lsow-title\">Philipp St\u00e4rk<\/h3><div class=\"lsow-team-member-position\">1997<\/div><div class=\"lsow-team-member-details\"> <table style=\"width:100%;border: none\">\n  <tr style=\"border: none\">\n    <td style=\"text-align:left;width:15%;border: none\"><i class=\"far fa-star\" style=\"color:#01a3d7\"><\/i> <\/td>\n    <td style=\"border: none\">Boden, Sprung<\/td>\n  <\/tr>\n  <tr style=\"border: none\">\n      <td style=\"border: none;vertical-align:top\"><i class=\"fas fa-graduation-cap\" style=\"color:#01a3d7;border: none\"><\/i> <\/td>\n      <td style=\"border: none\"><b>Student:<\/b> <br \/> Physik<\/td>\n  <\/tr>\n<\/table> \n<\/div><\/div><!-- .lsow-team-member-text --><\/div><!-- .lsow-team-member --><\/div><!-- .lsow-team-member-wrapper --><\/div><!-- .lsow-team-members --><div class=\"lsow-clear\"><\/div><\/div><\/div><\/div><\/div><\/div><div id=\"pgc-w5dd75c2c-2-2\"  class=\"panel-grid-cell\" ><div class=\"panel-cell-style panel-cell-style-for-w5dd75c2c-2-2\" ><div id=\"panel-w5dd75c2c-2-2-0\" class=\"so-panel widget widget_lsow-team-members panel-first-child panel-last-child\" data-index=\"8\" ><div class=\"panel-widget-style panel-widget-style-for-w5dd75c2c-2-2-0\" ><div\n\t\t\t\n\t\t\tclass=\"so-widget-lsow-team-members so-widget-lsow-team-members-style1-d75171398898\"\n\t\t\t\n\t\t>\n<div class=\"lsow-team-members lsow-style1 lsow-grid-container  lsow-grid-desktop-1 lsow-grid-tablet-1 lsow-grid-mobile-1\"><div class=\"lsow-grid-item lsow-team-member-wrapper\"><div class=\"lsow-team-member \" ><div class=\"lsow-image-wrapper\"><img width=\"150\" height=\"150\" src=\"https:\/\/www.sv-boeblingen.de\/turnen\/wp-content\/uploads\/2019\/12\/Tim-150x150.jpg\" class=\"lsow-image\" alt=\"\" loading=\"lazy\" srcset=\"https:\/\/www.sv-boeblingen.de\/turnen\/wp-content\/uploads\/2019\/12\/Tim-150x150.jpg 150w, https:\/\/www.sv-boeblingen.de\/turnen\/wp-content\/uploads\/2019\/12\/Tim-600x600.jpg 600w, https:\/\/www.sv-boeblingen.de\/turnen\/wp-content\/uploads\/2019\/12\/Tim-1200x1200.jpg 1200w, https:\/\/www.sv-boeblingen.de\/turnen\/wp-content\/uploads\/2019\/12\/Tim-100x100.jpg 100w\" sizes=\"(max-width: 150px) 100vw, 150px\" \/><div class=\"lsow-social-wrap\"><div class=\"lsow-social-list\"><\/div><!-- .lsow-social-list --><\/div><!-- .lsow-social-wrap --><\/div><!-- .lsow-image-wrapper --><div class=\"lsow-team-member-text\"><h3 class=\"lsow-title\">Tim Fischer<\/h3><div class=\"lsow-team-member-position\">1998<\/div><div class=\"lsow-team-member-details\"> <table style=\"width:100%;border: none\">\n  <tr style=\"border: none\">\n    <td style=\"text-align:left;width:15%;border: none\"><i class=\"far fa-star\" style=\"color:#01a3d7\"><\/i> <\/td>\n    <td style=\"border: none\">Boden, Sprung<\/td>\n  <\/tr>\n  <tr style=\"border: none\">\n      <td style=\"border: none;vertical-align:top\"><i class=\"fas fa-graduation-cap\" style=\"color:#01a3d7;border: none\"><\/i> <\/td>\n      <td style=\"border: none\"><b>Student:<\/b><br \/>  Informatik<\/td>\n  <\/tr>\n<\/table> \n<\/div><\/div><!-- .lsow-team-member-text --><\/div><!-- .lsow-team-member --><\/div><!-- .lsow-team-member-wrapper --><\/div><!-- .lsow-team-members --><div class=\"lsow-clear\"><\/div><\/div><\/div><\/div><\/div><\/div><\/div><\/div><\/div>        <\/li>\r\n            <li>\r\n            <div id=\"pl-w001360af\"  class=\"panel-layout\" ><div id=\"pg-w001360af-0\"  class=\"panel-grid panel-has-style\" ><div class=\"panel-row-style panel-row-style-for-w001360af-0\" ><div id=\"pgc-w001360af-0-0\"  class=\"panel-grid-cell\" ><div id=\"panel-w001360af-0-0-0\" class=\"so-panel widget widget_echelonso-eso-text panel-first-child panel-last-child\" data-index=\"0\" ><div\n\t\t\t\n\t\t\tclass=\"so-widget-echelonso-eso-text so-widget-echelonso-eso-text-default-d7e5ed2dd006\"\n\t\t\t\n\t\t><div class=\"uk-text \">\r\n    <p> Montags: 18:00 - 20:00 Uhr in der Eduard-M\u00f6rike-Schule, Geschwister-Scholl-Str. 16, 71034 B\u00f6blingen<br \/>\nMittwochs von 18:00 - 20:00 Uhr im Paladion, Silberweg 18, 71032 B\u00f6blingen <br \/>\nDonnerstags von 19:30 - 22:00 Uhr in der Justinus-Kerner-Schule (JKS), Breslauerstr. 6, 71034 B\u00f6blingen <br \/>\nFreitags von 17:30 - 20:00 Uhr in der Justinus-Kerner-Schule (JKS), Breslauerstr. 6, 71034 B\u00f6blingen\n<\/p><\/div>\r\n<\/div><\/div><\/div><\/div><\/div><\/div>        <\/li>\r\n    \r\n<\/ul>\r\n<\/div><\/div><\/div><\/div><\/div><div id=\"pgc-1828-2-2\"  class=\"panel-grid-cell panel-grid-cell-empty\" ><\/div><\/div><\/div><div id=\"pg-1828-3\"  class=\"panel-grid panel-has-style\" ><div class=\"lsow-dark-bg siteorigin-panels-stretch panel-row-style panel-row-style-for-1828-3\" style=\"background-color: #000000;\" data-stretch-type=\"full-stretched\" ><div id=\"pgc-1828-3-0\"  class=\"panel-grid-cell\" ><div id=\"panel-1828-3-0-0\" class=\"so-panel widget widget_sow-headline panel-first-child\" data-index=\"4\" ><div\n\t\t\t\n\t\t\tclass=\"so-widget-sow-headline so-widget-sow-headline-default-dd9109cb1af6-1828 so-widget-fittext-wrapper\"\n\t\t\t data-fit-text-compressor=\"0.85\"\n\t\t><div class=\"sow-headline-container \">\n\t<h1 class='sow-headline'><b>Interessiert?<\/b><\/h1><p class='sow-sub-headline'>Melde dich bei uns!<\/p><\/div><\/div><\/div><div id=\"panel-1828-3-0-1\" class=\"so-panel widget widget_lsow-team-members panel-last-child\" data-index=\"5\" ><div\n\t\t\t\n\t\t\tclass=\"so-widget-lsow-team-members so-widget-lsow-team-members-style1-d75171398898-1828\"\n\t\t\t\n\t\t>\n<div class=\"lsow-team-members lsow-style1 lsow-grid-container  lsow-grid-desktop-1 lsow-grid-tablet-1 lsow-grid-mobile-1\"><div class=\"lsow-grid-item lsow-team-member-wrapper\"><div class=\"lsow-team-member \" ><div class=\"lsow-image-wrapper\"><img width=\"150\" height=\"150\" src=\"https:\/\/www.sv-boeblingen.de\/turnen\/wp-content\/uploads\/2019\/12\/IRF_6594-150x150.jpg\" class=\"lsow-image\" alt=\"\" loading=\"lazy\" srcset=\"https:\/\/www.sv-boeblingen.de\/turnen\/wp-content\/uploads\/2019\/12\/IRF_6594-150x150.jpg 150w, https:\/\/www.sv-boeblingen.de\/turnen\/wp-content\/uploads\/2019\/12\/IRF_6594-600x600.jpg 600w, https:\/\/www.sv-boeblingen.de\/turnen\/wp-content\/uploads\/2019\/12\/IRF_6594-100x100.jpg 100w\" sizes=\"(max-width: 150px) 100vw, 150px\" \/><div class=\"lsow-social-wrap\"><div class=\"lsow-social-list\"><div class=\"lsow-social-list-item\"><a class=\"lsow-email\" href=\"mailto:mario.lutz@yahoo.de\" title=\"Send an email\"><i class=\"lsow-icon-email\"><\/i><\/a><\/div><\/div><!-- .lsow-social-list --><\/div><!-- .lsow-social-wrap --><\/div><!-- .lsow-image-wrapper --><div class=\"lsow-team-member-text\"><h3 class=\"lsow-title\">Mario Lutz<\/h3><div class=\"lsow-team-member-position\">Trainer Liga-Team<\/div><div class=\"lsow-team-member-details\"><\/div><\/div><!-- .lsow-team-member-text --><\/div><!-- .lsow-team-member --><\/div><!-- .lsow-team-member-wrapper --><\/div><!-- .lsow-team-members --><div class=\"lsow-clear\"><\/div><\/div><\/div><\/div><\/div><\/div><\/div>","protected":false},"excerpt":{"rendered":"<p>LIGAmannschaftm\u00e4nnlich Barren Barrenturnen Ringe Ringe cof Philipp an den Pauschen Ringe Hangwaage rl. edf Old but Gold! \u00dcBER UNSDie Mannschaft stellt sich vor Beschreibung Die Mannschaft Trainingszeiten und Trainingsort Angefangen hat die Mannschaft 2014 in der Kreisliga und ist 2016<\/p>\n","protected":false},"author":1,"featured_media":0,"parent":0,"menu_order":0,"comment_status":"closed","ping_status":"closed","template":"page-templates\/full-width.php","meta":{"_vp_format_video_url":"","_vp_image_focal_point":[]},"featured_image_urls":{"full":"","thumbnail":"","medium":"","medium_large":"","large":"","ESO-555x450-Crop":"","ESO-1280x720-Crop":"","ESO-1920x1080-Crop":"","ESO-360x450-Crop":"","ESO-720x900-Crop":"","ESO-360x450-Top":"","ESO-720x900-Top":"","thumblist":"","meccarouselthumb":"","gridsquare":"","tileview":"","timeline-express":"","timeline-express-thumbnail":"","folio":"","1536x1536":"","2048x2048":"","ab-block-post-grid-landscape":"","ab-block-post-grid-square":"","vp_sm":"","vp_md":"","vp_lg":"","vp_xl":"","vp_sm_popup":"","vp_md_popup":"","vp_xl_popup":"","suffice-thumbnail-grid":"","suffice-thumbnail-featured-one":"","suffice-thumbnail-featured-two":"","suffice-thumbnail-portfolio":"","suffice-thumbnail-portfolio-masonry":"","400x250-crop":"","woocommerce_thumbnail":"","woocommerce_single":"","woocommerce_gallery_thumbnail":"","shop_catalog":"","shop_single":"","shop_thumbnail":"","sow-carousel-default":""},"post_excerpt_stackable":"<p>LIGAmannschaftm\u00e4nnlich Barren Barrenturnen Ringe Ringe cof Philipp an den Pauschen Ringe Hangwaage rl. edf Old but Gold! \u00dcBER UNSDie Mannschaft stellt sich vor Beschreibung Die Mannschaft Trainingszeiten und Trainingsort Angefangen hat die Mannschaft 2014 in der Kreisliga und ist 2016 in die Bezirksliga aufgestiegen. Die Mannschaft bestand bis Ende der Saison 2019 aus 9 Jungs im Alter zwischen 19 und 22 Jahre, mit Philipp St\u00e4rk, Tim Fischer, Christoph St\u00e4rk, Paul Riesch, Ben Feucht, Moritz Straubel vom TVB, Olivier Deuster, Louis Mayer und Nik Gallmeister. Letztere 3 haben leider mit dem Turnen aufgeh\u00f6rt und sind f\u00fcr die kommende Saison nicht dabei.&hellip;<\/p>\n","category_list":"","author_info":{"name":"Anna","url":"https:\/\/www.sv-boeblingen.de\/turnen\/author\/anna\/"},"comments_num":"0 comments","featured_image_urls_v2":{"full":"","thumbnail":"","medium":"","medium_large":"","large":"","ESO-555x450-Crop":"","ESO-1280x720-Crop":"","ESO-1920x1080-Crop":"","ESO-360x450-Crop":"","ESO-720x900-Crop":"","ESO-360x450-Top":"","ESO-720x900-Top":"","thumblist":"","meccarouselthumb":"","gridsquare":"","tileview":"","timeline-express":"","timeline-express-thumbnail":"","folio":"","1536x1536":"","2048x2048":"","ab-block-post-grid-landscape":"","ab-block-post-grid-square":"","vp_sm":"","vp_md":"","vp_lg":"","vp_xl":"","vp_sm_popup":"","vp_md_popup":"","vp_xl_popup":"","suffice-thumbnail-grid":"","suffice-thumbnail-featured-one":"","suffice-thumbnail-featured-two":"","suffice-thumbnail-portfolio":"","suffice-thumbnail-portfolio-masonry":"","400x250-crop":"","woocommerce_thumbnail":"","woocommerce_single":"","woocommerce_gallery_thumbnail":"","shop_catalog":"","shop_single":"","shop_thumbnail":"","sow-carousel-default":""},"post_excerpt_stackable_v2":"<p>LIGAmannschaftm\u00e4nnlich Barren Barrenturnen Ringe Ringe cof Philipp an den Pauschen Ringe Hangwaage rl. edf Old but Gold! \u00dcBER UNSDie Mannschaft stellt sich vor Beschreibung Die Mannschaft Trainingszeiten und Trainingsort Angefangen hat die Mannschaft 2014 in der Kreisliga und ist 2016 in die Bezirksliga aufgestiegen. Die Mannschaft bestand bis Ende der Saison 2019 aus 9 Jungs im Alter zwischen 19 und 22 Jahre, mit Philipp St\u00e4rk, Tim Fischer, Christoph St\u00e4rk, Paul Riesch, Ben Feucht, Moritz Straubel vom TVB, Olivier Deuster, Louis Mayer und Nik Gallmeister. Letztere 3 haben leider mit dem Turnen aufgeh\u00f6rt und sind f\u00fcr die kommende Saison nicht dabei.&hellip;<\/p>\n","category_list_v2":"","author_info_v2":{"name":"Anna","url":"https:\/\/www.sv-boeblingen.de\/turnen\/author\/anna\/"},"comments_num_v2":"0 comments","featured_image_src":null,"featured_image_src_square":null,"_links":{"self":[{"href":"https:\/\/www.sv-boeblingen.de\/turnen\/wp-json\/wp\/v2\/pages\/1828"}],"collection":[{"href":"https:\/\/www.sv-boeblingen.de\/turnen\/wp-json\/wp\/v2\/pages"}],"about":[{"href":"https:\/\/www.sv-boeblingen.de\/turnen\/wp-json\/wp\/v2\/types\/page"}],"author":[{"embeddable":true,"href":"https:\/\/www.sv-boeblingen.de\/turnen\/wp-json\/wp\/v2\/users\/1"}],"replies":[{"embeddable":true,"href":"https:\/\/www.sv-boeblingen.de\/turnen\/wp-json\/wp\/v2\/comments?post=1828"}],"version-history":[{"count":8,"href":"https:\/\/www.sv-boeblingen.de\/turnen\/wp-json\/wp\/v2\/pages\/1828\/revisions"}],"predecessor-version":[{"id":4899,"href":"https:\/\/www.sv-boeblingen.de\/turnen\/wp-json\/wp\/v2\/pages\/1828\/revisions\/4899"}],"wp:attachment":[{"href":"https:\/\/www.sv-boeblingen.de\/turnen\/wp-json\/wp\/v2\/media?parent=1828"}],"curies":[{"name":"wp","href":"https:\/\/api.w.org\/{rel}","templated":true}]}}