{"id":351,"date":"2020-04-19T17:36:42","date_gmt":"2020-04-19T15:36:42","guid":{"rendered":"http:\/\/www.sv-boeblingen.de\/leichtathletikneu\/?page_id=351"},"modified":"2026-04-18T10:41:50","modified_gmt":"2026-04-18T08:41:50","slug":"schueler-m14","status":"publish","type":"page","link":"https:\/\/www.sv-boeblingen.de\/leichtathletik\/schueler-m14\/","title":{"rendered":"SCH\u00dcLER M14"},"content":{"rendered":"\r\n<figure class=\"wp-block-table is-style-stripes\">\r\n<table class=\"has-fixed-layout\">\r\n<thead>\r\n<tr>\r\n<th>Disziplin<\/th>\r\n<th>Wertung<\/th>\r\n<th>Rekordhalter<\/th>\r\n<th>Ort<\/th>\r\n<th>Datum<\/th>\r\n<\/tr>\r\n<\/thead>\r\n<tbody>\r\n<tr>\r\n<td>75 m<\/td>\r\n<td>\u00a0<\/td>\r\n<td>\u00a0<\/td>\r\n<td>\u00a0<\/td>\r\n<td>\u00a0<\/td>\r\n<\/tr>\r\n<tr>\r\n<td>100 m<\/td>\r\n<td>12:17 sek<\/td>\r\n<td>Mayer, Bastian (94)<\/td>\r\n<td>B\u00f6blingen<\/td>\r\n<td>20.07.2008<\/td>\r\n<\/tr>\r\n<tr>\r\n<td>1000 m<\/td>\r\n<td>02:59,10<\/td>\r\n<td>K\u00fchn, Adrian (74)<\/td>\r\n<td>Leinfelden<\/td>\r\n<td>04.09.1988<\/td>\r\n<\/tr>\r\n<tr>\r\n<td>2000 m<\/td>\r\n<td>06:48,00<\/td>\r\n<td>Reisch, Jan (74)<\/td>\r\n<td>M\u00fcnchingen<\/td>\r\n<td>06.07.1988<\/td>\r\n<\/tr>\r\n<tr>\r\n<td>80 m H\u00fcrden<\/td>\r\n<td>11,48*<\/td>\r\n<td>Dengler, Andreas (80)<\/td>\r\n<td>Stuttgart<\/td>\r\n<td>25.09.1994<\/td>\r\n<\/tr>\r\n<tr>\r\n<td>Hochsprung<\/td>\r\n<td>1,70 m<\/td>\r\n<td>K\u00f6hler, Maximilian (10)<\/td>\r\n<td>Hoffeld (Stuttgart)<\/td>\r\n<td>29.09.2024<\/td>\r\n<\/tr>\r\n<tr>\r\n<td>Stabhochsprung<\/td>\r\n<td>2,82 m<\/td>\r\n<td>Grolig, Hannes (97)<\/td>\r\n<td>Oberhaugstett<\/td>\r\n<td>24.05.2010<\/td>\r\n<\/tr>\r\n<tr>\r\n<td>Weitsprung<\/td>\r\n<td>5,89 m<\/td>\r\n<td>Roth, Karsten (73)<\/td>\r\n<td>Asperg<\/td>\r\n<td>06.09.1987<\/td>\r\n<\/tr>\r\n<tr>\r\n<td>Kugelstoss<\/td>\r\n<td>11,70 m<\/td>\r\n<td>Mayer, Bastian (94)<\/td>\r\n<td>K\u00f6nigsbach<\/td>\r\n<td>11.10.2008<\/td>\r\n<\/tr>\r\n<tr>\r\n<td>Diskuswurf<\/td>\r\n<td>32,30 m<\/td>\r\n<td>Mayer, Bastian (94)<\/td>\r\n<td>B\u00f6blingen<\/td>\r\n<td>20.07.2008<\/td>\r\n<\/tr>\r\n<tr>\r\n<td>Speerwurf<\/td>\r\n<td>36,90 m<\/td>\r\n<td>Felger, David (97)<\/td>\r\n<td>Stuttgart<\/td>\r\n<td>03.10.2011<\/td>\r\n<\/tr>\r\n<tr>\r\n<td>Vierkampf<\/td>\r\n<td>2108<\/td>\r\n<td>Mayer, Bastian (94)<\/td>\r\n<td>Bernhausen<\/td>\r\n<td>14. 06.2008<\/td>\r\n<\/tr>\r\n<\/tbody>\r\n<\/table>\r\n<\/figure>\r\n","protected":false},"excerpt":{"rendered":"<p>Disziplin Wertung Rekordhalter Ort Datum 75 m \u00a0 \u00a0 \u00a0 \u00a0 100 m 12:17 sek Mayer, Bastian (94) B\u00f6blingen 20.07.2008 1000 m 02:59,10 K\u00fchn, Adrian (74) Leinfelden 04.09.1988 2000 m 06:48,00 Reisch, Jan (74) M\u00fcnchingen 06.07.1988 80 m H\u00fcrden 11,48* Dengler, Andreas (80) Stuttgart 25.09.1994 Hochsprung 1,70 m K\u00f6hler, Maximilian (10) Hoffeld (Stuttgart) 29.09.2024 Stabhochsprung [&hellip;]<\/p>\n","protected":false},"author":3,"featured_media":0,"parent":0,"menu_order":0,"comment_status":"closed","ping_status":"closed","template":"","meta":{"footnotes":""},"class_list":["post-351","page","type-page","status-publish","hentry"],"yoast_head":"<!-- This site is optimized with the Yoast SEO plugin v22.2 - https:\/\/yoast.com\/wordpress\/plugins\/seo\/ -->\n<title>SCH\u00dcLER M14 - Leichtathletik - Sportvereinigung B\u00f6blingen e.V.<\/title>\n<meta name=\"robots\" content=\"index, follow, max-snippet:-1, max-image-preview:large, max-video-preview:-1\" \/>\n<link rel=\"canonical\" href=\"https:\/\/www.sv-boeblingen.de\/leichtathletik\/schueler-m14\/\" \/>\n<meta property=\"og:locale\" content=\"de_DE\" \/>\n<meta property=\"og:type\" content=\"article\" \/>\n<meta property=\"og:title\" content=\"SCH\u00dcLER M14 - Leichtathletik - Sportvereinigung B\u00f6blingen e.V.\" \/>\n<meta property=\"og:description\" content=\"Disziplin Wertung Rekordhalter Ort Datum 75 m \u00a0 \u00a0 \u00a0 \u00a0 100 m 12:17 sek Mayer, Bastian (94) B\u00f6blingen 20.07.2008 1000 m 02:59,10 K\u00fchn, Adrian (74) Leinfelden 04.09.1988 2000 m 06:48,00 Reisch, Jan (74) M\u00fcnchingen 06.07.1988 80 m H\u00fcrden 11,48* Dengler, Andreas (80) Stuttgart 25.09.1994 Hochsprung 1,70 m K\u00f6hler, Maximilian (10) Hoffeld (Stuttgart) 29.09.2024 Stabhochsprung [&hellip;]\" \/>\n<meta property=\"og:url\" content=\"https:\/\/www.sv-boeblingen.de\/leichtathletik\/schueler-m14\/\" \/>\n<meta property=\"og:site_name\" content=\"Leichtathletik - Sportvereinigung B\u00f6blingen e.V.\" \/>\n<meta property=\"article:modified_time\" content=\"2026-04-18T08:41:50+00:00\" \/>\n<meta name=\"twitter:card\" content=\"summary_large_image\" \/>\n<meta name=\"twitter:label1\" content=\"Gesch\u00e4tzte Lesezeit\" \/>\n\t<meta name=\"twitter:data1\" content=\"1\u00a0Minute\" \/>\n<script type=\"application\/ld+json\" class=\"yoast-schema-graph\">{\"@context\":\"https:\/\/schema.org\",\"@graph\":[{\"@type\":\"WebPage\",\"@id\":\"https:\/\/www.sv-boeblingen.de\/leichtathletik\/schueler-m14\/\",\"url\":\"https:\/\/www.sv-boeblingen.de\/leichtathletik\/schueler-m14\/\",\"name\":\"SCH\u00dcLER M14 - Leichtathletik - Sportvereinigung B\u00f6blingen e.V.\",\"isPartOf\":{\"@id\":\"https:\/\/www.sv-boeblingen.de\/leichtathletik\/#website\"},\"datePublished\":\"2020-04-19T15:36:42+00:00\",\"dateModified\":\"2026-04-18T08:41:50+00:00\",\"breadcrumb\":{\"@id\":\"https:\/\/www.sv-boeblingen.de\/leichtathletik\/schueler-m14\/#breadcrumb\"},\"inLanguage\":\"de\",\"potentialAction\":[{\"@type\":\"ReadAction\",\"target\":[\"https:\/\/www.sv-boeblingen.de\/leichtathletik\/schueler-m14\/\"]}]},{\"@type\":\"BreadcrumbList\",\"@id\":\"https:\/\/www.sv-boeblingen.de\/leichtathletik\/schueler-m14\/#breadcrumb\",\"itemListElement\":[{\"@type\":\"ListItem\",\"position\":1,\"name\":\"Home\",\"item\":\"https:\/\/www.sv-boeblingen.de\/leichtathletik\/\"},{\"@type\":\"ListItem\",\"position\":2,\"name\":\"SCH\u00dcLER M14\"}]},{\"@type\":\"WebSite\",\"@id\":\"https:\/\/www.sv-boeblingen.de\/leichtathletik\/#website\",\"url\":\"https:\/\/www.sv-boeblingen.de\/leichtathletik\/\",\"name\":\"Leichtathletik - Sportvereinigung B\u00f6blingen e.V.\",\"description\":\"Wir bewegen B\u00f6blingen.\",\"potentialAction\":[{\"@type\":\"SearchAction\",\"target\":{\"@type\":\"EntryPoint\",\"urlTemplate\":\"https:\/\/www.sv-boeblingen.de\/leichtathletik\/?s={search_term_string}\"},\"query-input\":\"required name=search_term_string\"}],\"inLanguage\":\"de\"}]}<\/script>\n<!-- \/ Yoast SEO plugin. -->","yoast_head_json":{"title":"SCH\u00dcLER M14 - Leichtathletik - Sportvereinigung B\u00f6blingen e.V.","robots":{"index":"index","follow":"follow","max-snippet":"max-snippet:-1","max-image-preview":"max-image-preview:large","max-video-preview":"max-video-preview:-1"},"canonical":"https:\/\/www.sv-boeblingen.de\/leichtathletik\/schueler-m14\/","og_locale":"de_DE","og_type":"article","og_title":"SCH\u00dcLER M14 - Leichtathletik - Sportvereinigung B\u00f6blingen e.V.","og_description":"Disziplin Wertung Rekordhalter Ort Datum 75 m \u00a0 \u00a0 \u00a0 \u00a0 100 m 12:17 sek Mayer, Bastian (94) B\u00f6blingen 20.07.2008 1000 m 02:59,10 K\u00fchn, Adrian (74) Leinfelden 04.09.1988 2000 m 06:48,00 Reisch, Jan (74) M\u00fcnchingen 06.07.1988 80 m H\u00fcrden 11,48* Dengler, Andreas (80) Stuttgart 25.09.1994 Hochsprung 1,70 m K\u00f6hler, Maximilian (10) Hoffeld (Stuttgart) 29.09.2024 Stabhochsprung [&hellip;]","og_url":"https:\/\/www.sv-boeblingen.de\/leichtathletik\/schueler-m14\/","og_site_name":"Leichtathletik - Sportvereinigung B\u00f6blingen e.V.","article_modified_time":"2026-04-18T08:41:50+00:00","twitter_card":"summary_large_image","twitter_misc":{"Gesch\u00e4tzte Lesezeit":"1\u00a0Minute"},"schema":{"@context":"https:\/\/schema.org","@graph":[{"@type":"WebPage","@id":"https:\/\/www.sv-boeblingen.de\/leichtathletik\/schueler-m14\/","url":"https:\/\/www.sv-boeblingen.de\/leichtathletik\/schueler-m14\/","name":"SCH\u00dcLER M14 - Leichtathletik - Sportvereinigung B\u00f6blingen e.V.","isPartOf":{"@id":"https:\/\/www.sv-boeblingen.de\/leichtathletik\/#website"},"datePublished":"2020-04-19T15:36:42+00:00","dateModified":"2026-04-18T08:41:50+00:00","breadcrumb":{"@id":"https:\/\/www.sv-boeblingen.de\/leichtathletik\/schueler-m14\/#breadcrumb"},"inLanguage":"de","potentialAction":[{"@type":"ReadAction","target":["https:\/\/www.sv-boeblingen.de\/leichtathletik\/schueler-m14\/"]}]},{"@type":"BreadcrumbList","@id":"https:\/\/www.sv-boeblingen.de\/leichtathletik\/schueler-m14\/#breadcrumb","itemListElement":[{"@type":"ListItem","position":1,"name":"Home","item":"https:\/\/www.sv-boeblingen.de\/leichtathletik\/"},{"@type":"ListItem","position":2,"name":"SCH\u00dcLER M14"}]},{"@type":"WebSite","@id":"https:\/\/www.sv-boeblingen.de\/leichtathletik\/#website","url":"https:\/\/www.sv-boeblingen.de\/leichtathletik\/","name":"Leichtathletik - Sportvereinigung B\u00f6blingen e.V.","description":"Wir bewegen B\u00f6blingen.","potentialAction":[{"@type":"SearchAction","target":{"@type":"EntryPoint","urlTemplate":"https:\/\/www.sv-boeblingen.de\/leichtathletik\/?s={search_term_string}"},"query-input":"required name=search_term_string"}],"inLanguage":"de"}]}},"_links":{"self":[{"href":"https:\/\/www.sv-boeblingen.de\/leichtathletik\/wp-json\/wp\/v2\/pages\/351","targetHints":{"allow":["GET"]}}],"collection":[{"href":"https:\/\/www.sv-boeblingen.de\/leichtathletik\/wp-json\/wp\/v2\/pages"}],"about":[{"href":"https:\/\/www.sv-boeblingen.de\/leichtathletik\/wp-json\/wp\/v2\/types\/page"}],"author":[{"embeddable":true,"href":"https:\/\/www.sv-boeblingen.de\/leichtathletik\/wp-json\/wp\/v2\/users\/3"}],"replies":[{"embeddable":true,"href":"https:\/\/www.sv-boeblingen.de\/leichtathletik\/wp-json\/wp\/v2\/comments?post=351"}],"version-history":[{"count":5,"href":"https:\/\/www.sv-boeblingen.de\/leichtathletik\/wp-json\/wp\/v2\/pages\/351\/revisions"}],"predecessor-version":[{"id":1258,"href":"https:\/\/www.sv-boeblingen.de\/leichtathletik\/wp-json\/wp\/v2\/pages\/351\/revisions\/1258"}],"wp:attachment":[{"href":"https:\/\/www.sv-boeblingen.de\/leichtathletik\/wp-json\/wp\/v2\/media?parent=351"}],"curies":[{"name":"wp","href":"https:\/\/api.w.org\/{rel}","templated":true}]}}