{"id":204,"date":"2020-04-15T21:51:38","date_gmt":"2020-04-15T19:51:38","guid":{"rendered":"http:\/\/www.sv-boeblingen.de\/leichtathletikneu\/?page_id=204"},"modified":"2024-11-06T18:27:27","modified_gmt":"2024-11-06T17:27:27","slug":"wintertraining","status":"publish","type":"page","link":"https:\/\/www.sv-boeblingen.de\/leichtathletik\/wintertraining\/","title":{"rendered":"WINTERTRAINING"},"content":{"rendered":"<h2>Wintertraining<\/h2>\r\n<figure class=\"wp-block-table\">\r\n<table class=\"has-fixed-layout\">\r\n<thead>\r\n<tr>\r\n<th><strong>Altersklassen<\/strong> <strong>Ux = Unter x Jahre, also z.B. U10 = Unter 10 Jahre<\/strong><\/th>\r\n<th><strong>Trainer\/Innen<\/strong><\/th>\r\n<th><strong>Zeit und Trainingsort\r\nAEG = Albert Einstein Gymnasium, B\u00f6blingen<\/strong>\r\nLUS = Ludwig-Uhland-schule, b\u00f6blingen\r\n<strong>Paladion = SVB Sportstudio, B\u00f6blingen<\/strong>\r\n<strong>Ochsentrog = Trimmdich Pfad, Maurener Weg 124<\/strong><\/th>\r\n<\/tr>\r\n<\/thead>\r\n<tbody>\r\n<tr>\r\n<td>Jahrgang U8 und U10\r\n2015-2018<strong>!!! Aktuell Aufnahmestopp !!!<\/strong><\/td>\r\n<td>Kaja Frommer, Luca Gaeta, Anna-Lena Wanner, Chiara Winz\r\n\r\n\n\t\t<style type=\"text\/css\">\n\t\t\t#gallery-1 {\n\t\t\t\tmargin: auto;\n\t\t\t}\n\t\t\t#gallery-1 .gallery-item {\n\t\t\t\tfloat: left;\n\t\t\t\tmargin-top: 10px;\n\t\t\t\ttext-align: center;\n\t\t\t\twidth: 50%;\n\t\t\t}\n\t\t\t#gallery-1 img {\n\t\t\t\tborder: 2px solid #cfcfcf;\n\t\t\t}\n\t\t\t#gallery-1 .gallery-caption {\n\t\t\t\tmargin-left: 0;\n\t\t\t}\n\t\t\t\/* see gallery_shortcode() in wp-includes\/media.php *\/\n\t\t<\/style>\n\t\t<div id='gallery-1' class='gallery galleryid-204 gallery-columns-2 gallery-size-full'><dl class='gallery-item'>\n\t\t\t<dt class='gallery-icon portrait'>\n\t\t\t\t<a href='https:\/\/www.sv-boeblingen.de\/leichtathletik\/sommertraining\/kaja-portraet\/'><img loading=\"lazy\" decoding=\"async\" width=\"300\" height=\"374\" src=\"https:\/\/www.sv-boeblingen.de\/leichtathletik\/wp-content\/uploads\/2023\/05\/Kaja-Portraet.jpg\" class=\"attachment-full size-full\" alt=\"\" srcset=\"https:\/\/www.sv-boeblingen.de\/leichtathletik\/wp-content\/uploads\/2023\/05\/Kaja-Portraet.jpg 300w, https:\/\/www.sv-boeblingen.de\/leichtathletik\/wp-content\/uploads\/2023\/05\/Kaja-Portraet-241x300.jpg 241w\" sizes=\"auto, (max-width: 300px) 100vw, 300px\" \/><\/a>\n\t\t\t<\/dt><\/dl><dl class='gallery-item'>\n\t\t\t<dt class='gallery-icon portrait'>\n\t\t\t\t<a href='https:\/\/www.sv-boeblingen.de\/leichtathletik\/sommertraining\/anna-lena-portraet\/'><img loading=\"lazy\" decoding=\"async\" width=\"300\" height=\"381\" src=\"https:\/\/www.sv-boeblingen.de\/leichtathletik\/wp-content\/uploads\/2023\/05\/Anna-Lena-Portraet.jpg\" class=\"attachment-full size-full\" alt=\"\" srcset=\"https:\/\/www.sv-boeblingen.de\/leichtathletik\/wp-content\/uploads\/2023\/05\/Anna-Lena-Portraet.jpg 300w, https:\/\/www.sv-boeblingen.de\/leichtathletik\/wp-content\/uploads\/2023\/05\/Anna-Lena-Portraet-236x300.jpg 236w\" sizes=\"auto, (max-width: 300px) 100vw, 300px\" \/><\/a>\n\t\t\t<\/dt><\/dl><br style=\"clear: both\" \/><dl class='gallery-item'>\n\t\t\t<dt class='gallery-icon portrait'>\n\t\t\t\t<a href='https:\/\/www.sv-boeblingen.de\/leichtathletik\/sommertraining\/chiara-portraet\/'><img loading=\"lazy\" decoding=\"async\" width=\"304\" height=\"380\" src=\"https:\/\/www.sv-boeblingen.de\/leichtathletik\/wp-content\/uploads\/2023\/07\/Chiara-Portraet.jpg\" class=\"attachment-full size-full\" alt=\"\" srcset=\"https:\/\/www.sv-boeblingen.de\/leichtathletik\/wp-content\/uploads\/2023\/07\/Chiara-Portraet.jpg 304w, https:\/\/www.sv-boeblingen.de\/leichtathletik\/wp-content\/uploads\/2023\/07\/Chiara-Portraet-240x300.jpg 240w\" sizes=\"auto, (max-width: 304px) 100vw, 304px\" \/><\/a>\n\t\t\t<\/dt><\/dl><dl class='gallery-item'>\n\t\t\t<dt class='gallery-icon portrait'>\n\t\t\t\t<a href='https:\/\/www.sv-boeblingen.de\/leichtathletik\/sommertraining\/luca-portraet\/'><img loading=\"lazy\" decoding=\"async\" width=\"300\" height=\"359\" src=\"https:\/\/www.sv-boeblingen.de\/leichtathletik\/wp-content\/uploads\/2023\/05\/Luca-Portraet.jpg\" class=\"attachment-full size-full\" alt=\"\" srcset=\"https:\/\/www.sv-boeblingen.de\/leichtathletik\/wp-content\/uploads\/2023\/05\/Luca-Portraet.jpg 300w, https:\/\/www.sv-boeblingen.de\/leichtathletik\/wp-content\/uploads\/2023\/05\/Luca-Portraet-251x300.jpg 251w\" sizes=\"auto, (max-width: 300px) 100vw, 300px\" \/><\/a>\n\t\t\t<\/dt><\/dl><br style=\"clear: both\" \/>\n\t\t<\/div>\n<\/td>\r\n<td>Freitags, 17.30-19.00 Uhr \/ LUS<\/td>\r\n<\/tr>\r\n<tr>\r\n<td><\/td>\r\n<td><\/td>\r\n<td><\/td>\r\n<\/tr>\r\n<tr>\r\n<td>Jahrgang U12 und U14\r\n2011-2013<strong>!!!\r\n<\/strong><\/td>\r\n<td>Birgit Kenneweg\r\n\r\n\n\t\t<style type=\"text\/css\">\n\t\t\t#gallery-2 {\n\t\t\t\tmargin: auto;\n\t\t\t}\n\t\t\t#gallery-2 .gallery-item {\n\t\t\t\tfloat: left;\n\t\t\t\tmargin-top: 10px;\n\t\t\t\ttext-align: center;\n\t\t\t\twidth: 100%;\n\t\t\t}\n\t\t\t#gallery-2 img {\n\t\t\t\tborder: 2px solid #cfcfcf;\n\t\t\t}\n\t\t\t#gallery-2 .gallery-caption {\n\t\t\t\tmargin-left: 0;\n\t\t\t}\n\t\t\t\/* see gallery_shortcode() in wp-includes\/media.php *\/\n\t\t<\/style>\n\t\t<div id='gallery-2' class='gallery galleryid-204 gallery-columns-1 gallery-size-thumbnail'><dl class='gallery-item'>\n\t\t\t<dt class='gallery-icon landscape'>\n\t\t\t\t<a href='https:\/\/www.sv-boeblingen.de\/leichtathletik\/sommertraining\/b_kenneweg\/'><img loading=\"lazy\" decoding=\"async\" width=\"80\" height=\"80\" src=\"https:\/\/www.sv-boeblingen.de\/leichtathletik\/wp-content\/uploads\/2021\/03\/b_kenneweg-80x80.jpg\" class=\"attachment-thumbnail size-thumbnail\" alt=\"\" srcset=\"https:\/\/www.sv-boeblingen.de\/leichtathletik\/wp-content\/uploads\/2021\/03\/b_kenneweg-80x80.jpg 80w, https:\/\/www.sv-boeblingen.de\/leichtathletik\/wp-content\/uploads\/2021\/03\/b_kenneweg-36x36.jpg 36w, https:\/\/www.sv-boeblingen.de\/leichtathletik\/wp-content\/uploads\/2021\/03\/b_kenneweg-180x180.jpg 180w\" sizes=\"auto, (max-width: 80px) 100vw, 80px\" \/><\/a>\n\t\t\t<\/dt><\/dl><br style=\"clear: both\" \/>\n\t\t<\/div>\n<\/td>\r\n<td>Dienstag &#8211; Stadion 17.30 &#8211; 19.30 Uhr\r\nDonnerstag &#8211; AEG Halle 2 17.30 &#8211; 19.00 Uhr<\/td>\r\n<\/tr>\r\n<tr>\r\n<td>Jahrgang U14 und U16\r\n2010-2011 <strong>!!!\r\nAktuell Aufnahmestopp !!!<\/strong><\/td>\r\n<td>Timo V\u00f6lmle\r\n\r\n\n\t\t<style type=\"text\/css\">\n\t\t\t#gallery-3 {\n\t\t\t\tmargin: auto;\n\t\t\t}\n\t\t\t#gallery-3 .gallery-item {\n\t\t\t\tfloat: left;\n\t\t\t\tmargin-top: 10px;\n\t\t\t\ttext-align: center;\n\t\t\t\twidth: 100%;\n\t\t\t}\n\t\t\t#gallery-3 img {\n\t\t\t\tborder: 2px solid #cfcfcf;\n\t\t\t}\n\t\t\t#gallery-3 .gallery-caption {\n\t\t\t\tmargin-left: 0;\n\t\t\t}\n\t\t\t\/* see gallery_shortcode() in wp-includes\/media.php *\/\n\t\t<\/style>\n\t\t<div id='gallery-3' class='gallery galleryid-204 gallery-columns-1 gallery-size-thumbnail'><dl class='gallery-item'>\n\t\t\t<dt class='gallery-icon portrait'>\n\t\t\t\t<a href='https:\/\/www.sv-boeblingen.de\/leichtathletik\/sommertraining\/timo-portraet\/'><img loading=\"lazy\" decoding=\"async\" width=\"80\" height=\"80\" src=\"https:\/\/www.sv-boeblingen.de\/leichtathletik\/wp-content\/uploads\/2023\/05\/Timo-Portraet-80x80.jpg\" class=\"attachment-thumbnail size-thumbnail\" alt=\"\" srcset=\"https:\/\/www.sv-boeblingen.de\/leichtathletik\/wp-content\/uploads\/2023\/05\/Timo-Portraet-80x80.jpg 80w, https:\/\/www.sv-boeblingen.de\/leichtathletik\/wp-content\/uploads\/2023\/05\/Timo-Portraet-36x36.jpg 36w, https:\/\/www.sv-boeblingen.de\/leichtathletik\/wp-content\/uploads\/2023\/05\/Timo-Portraet-180x180.jpg 180w\" sizes=\"auto, (max-width: 80px) 100vw, 80px\" \/><\/a>\n\t\t\t<\/dt><\/dl><br style=\"clear: both\" \/>\n\t\t<\/div>\n<\/td>\r\n<td>Dienstag, 18.00-20.00 Uhr Donnerstag, 18.00 &#8211; 20.00 Uhr\r\nFreitag, 18.00\u00a0 20.00 Uhr\r\nimmer im Stadion<\/td>\r\n<\/tr>\r\n<tr>\r\n<td>Jahrgang U14 und U16\r\n2008-2011<strong>\u00a0<\/strong><\/td>\r\n<td>Uli Niebler\r\n\r\n\n\t\t<style type=\"text\/css\">\n\t\t\t#gallery-4 {\n\t\t\t\tmargin: auto;\n\t\t\t}\n\t\t\t#gallery-4 .gallery-item {\n\t\t\t\tfloat: left;\n\t\t\t\tmargin-top: 10px;\n\t\t\t\ttext-align: center;\n\t\t\t\twidth: 100%;\n\t\t\t}\n\t\t\t#gallery-4 img {\n\t\t\t\tborder: 2px solid #cfcfcf;\n\t\t\t}\n\t\t\t#gallery-4 .gallery-caption {\n\t\t\t\tmargin-left: 0;\n\t\t\t}\n\t\t\t\/* see gallery_shortcode() in wp-includes\/media.php *\/\n\t\t<\/style>\n\t\t<div id='gallery-4' class='gallery galleryid-204 gallery-columns-1 gallery-size-thumbnail'><dl class='gallery-item'>\n\t\t\t<dt class='gallery-icon landscape'>\n\t\t\t\t<a href='https:\/\/www.sv-boeblingen.de\/leichtathletik\/sommertraining\/r_groling\/'><img loading=\"lazy\" decoding=\"async\" width=\"80\" height=\"80\" src=\"https:\/\/www.sv-boeblingen.de\/leichtathletik\/wp-content\/uploads\/2021\/03\/r_groling-80x80.jpg\" class=\"attachment-thumbnail size-thumbnail\" alt=\"\" srcset=\"https:\/\/www.sv-boeblingen.de\/leichtathletik\/wp-content\/uploads\/2021\/03\/r_groling-80x80.jpg 80w, https:\/\/www.sv-boeblingen.de\/leichtathletik\/wp-content\/uploads\/2021\/03\/r_groling-36x36.jpg 36w, https:\/\/www.sv-boeblingen.de\/leichtathletik\/wp-content\/uploads\/2021\/03\/r_groling-180x180.jpg 180w\" sizes=\"auto, (max-width: 80px) 100vw, 80px\" \/><\/a>\n\t\t\t<\/dt><\/dl><br style=\"clear: both\" \/>\n\t\t<\/div>\n<\/td>\r\n<td>Mittwoch, 17.30-19.00 Uhr\r\nFreitag, 16.30-18.00 Uhr\r\nimmer im Stadion<\/td>\r\n<\/tr>\r\n<tr>\r\n<td>Jahrgang U18 und U20, M\u00e4nner und Frauen\r\n1994-2006<\/td>\r\n<td>Steffi Novodomsky und Jens Weimper\r\n\r\n\n\t\t<style type=\"text\/css\">\n\t\t\t#gallery-5 {\n\t\t\t\tmargin: auto;\n\t\t\t}\n\t\t\t#gallery-5 .gallery-item {\n\t\t\t\tfloat: left;\n\t\t\t\tmargin-top: 10px;\n\t\t\t\ttext-align: center;\n\t\t\t\twidth: 100%;\n\t\t\t}\n\t\t\t#gallery-5 img {\n\t\t\t\tborder: 2px solid #cfcfcf;\n\t\t\t}\n\t\t\t#gallery-5 .gallery-caption {\n\t\t\t\tmargin-left: 0;\n\t\t\t}\n\t\t\t\/* see gallery_shortcode() in wp-includes\/media.php *\/\n\t\t<\/style>\n\t\t<div id='gallery-5' class='gallery galleryid-204 gallery-columns-1 gallery-size-thumbnail'><dl class='gallery-item'>\n\t\t\t<dt class='gallery-icon landscape'>\n\t\t\t\t<a href='https:\/\/www.sv-boeblingen.de\/leichtathletik\/sommertraining\/s_novodomsky\/'><img loading=\"lazy\" decoding=\"async\" width=\"80\" height=\"80\" src=\"https:\/\/www.sv-boeblingen.de\/leichtathletik\/wp-content\/uploads\/2021\/03\/s_novodomsky-80x80.jpg\" class=\"attachment-thumbnail size-thumbnail\" alt=\"\" srcset=\"https:\/\/www.sv-boeblingen.de\/leichtathletik\/wp-content\/uploads\/2021\/03\/s_novodomsky-80x80.jpg 80w, https:\/\/www.sv-boeblingen.de\/leichtathletik\/wp-content\/uploads\/2021\/03\/s_novodomsky-36x36.jpg 36w, https:\/\/www.sv-boeblingen.de\/leichtathletik\/wp-content\/uploads\/2021\/03\/s_novodomsky-180x180.jpg 180w\" sizes=\"auto, (max-width: 80px) 100vw, 80px\" \/><\/a>\n\t\t\t<\/dt><\/dl><br style=\"clear: both\" \/><dl class='gallery-item'>\n\t\t\t<dt class='gallery-icon landscape'>\n\t\t\t\t<a href='https:\/\/www.sv-boeblingen.de\/leichtathletik\/sommertraining\/j_weimper\/'><img loading=\"lazy\" decoding=\"async\" width=\"80\" height=\"80\" src=\"https:\/\/www.sv-boeblingen.de\/leichtathletik\/wp-content\/uploads\/2021\/03\/j_weimper-80x80.jpg\" class=\"attachment-thumbnail size-thumbnail\" alt=\"\" srcset=\"https:\/\/www.sv-boeblingen.de\/leichtathletik\/wp-content\/uploads\/2021\/03\/j_weimper-80x80.jpg 80w, https:\/\/www.sv-boeblingen.de\/leichtathletik\/wp-content\/uploads\/2021\/03\/j_weimper-36x36.jpg 36w, https:\/\/www.sv-boeblingen.de\/leichtathletik\/wp-content\/uploads\/2021\/03\/j_weimper-180x180.jpg 180w\" sizes=\"auto, (max-width: 80px) 100vw, 80px\" \/><\/a>\n\t\t\t<\/dt><\/dl><br style=\"clear: both\" \/>\n\t\t<\/div>\n<\/td>\r\n<td>Montag 18.00-20.00 Uhr\r\nMittwoch 18.00-20.00\r\nimmer im Stadion<\/td>\r\n<\/tr>\r\n<tr>\r\n<td>Jungseniorentraining (also f\u00fcr Athleten ab ca 20 Jahre, die nicht mehr aktiv sind, aber dennoch aktiv Sport treiben wollen)<\/td>\r\n<td><\/td>\r\n<td>Montag 18.00-20.00 Uhr \/ Stadion<\/td>\r\n<\/tr>\r\n<tr>\r\n<td>Langstreckengruppe\r\n\r\n<em>Grundgeschwindigkeit, Sprintst\u00e4rke und Ausdauer. Alles was der Mittel- und Langstreckenl\u00e4ufer braucht wird hier trainiert.<\/em><\/td>\r\n<td>Sigi Bannwitz<\/td>\r\n<td>Mittwoch, 17.30-19.00 Uhr \/ Parkplatz Ochsentrog\r\nFreitag, 16.30-18.00 Uhr \/ Stadion<\/td>\r\n<\/tr>\r\n<tr>\r\n<td>Ganzk\u00f6rpersport (in Kooperation mit der RSG)\r\n<em>\r\nSpa\u00df, Koordination und Ausdauer f\u00fcr Jederman und Jederfrau. Hier werden alle Muskelpartien belastet und das fast ohne Hilfsmittel. Man glaubt es erst wenn man dort war &#8211; und es lohnt sich.<\/em><\/td>\r\n<td>Magret Aechtler<\/td>\r\n<td>Mittwoch, 20.00 Uhr \/ AEG Halle<\/td>\r\n<\/tr>\r\n<tr>\r\n<td>Seniorentraining<\/td>\r\n<td><\/td>\r\n<td>Freitag, 19.00 &#8211; 20.30 Uhr \/ AEG Halle<\/td>\r\n<\/tr>\r\n<\/tbody>\r\n<\/table>\r\n<figcaption>Im Normalfall ab Oktober eines Jahres<\/figcaption><\/figure>\r\n<!-- \/wp:post-content -->","protected":false},"excerpt":{"rendered":"<p>Wintertraining Altersklassen Ux = Unter x Jahre, also z.B. U10 = Unter 10 Jahre Trainer\/Innen Zeit und Trainingsort AEG = Albert Einstein Gymnasium, B\u00f6blingen LUS = Ludwig-Uhland-schule, b\u00f6blingen Paladion = SVB Sportstudio, B\u00f6blingen Ochsentrog = Trimmdich Pfad, Maurener Weg 124 Jahrgang U8 und U10 2015-2018!!! Aktuell Aufnahmestopp !!! Kaja Frommer, Luca Gaeta, Anna-Lena Wanner, Chiara [&hellip;]<\/p>\n","protected":false},"author":3,"featured_media":0,"parent":0,"menu_order":0,"comment_status":"closed","ping_status":"closed","template":"","meta":{"footnotes":""},"class_list":["post-204","page","type-page","status-publish","hentry"],"yoast_head":"<!-- This site is optimized with the Yoast SEO plugin v22.2 - https:\/\/yoast.com\/wordpress\/plugins\/seo\/ -->\n<title>WINTERTRAINING - Leichtathletik - Sportvereinigung B\u00f6blingen e.V.<\/title>\n<meta name=\"robots\" content=\"index, follow, max-snippet:-1, max-image-preview:large, max-video-preview:-1\" \/>\n<link rel=\"canonical\" href=\"https:\/\/www.sv-boeblingen.de\/leichtathletik\/wintertraining\/\" \/>\n<meta property=\"og:locale\" content=\"de_DE\" \/>\n<meta property=\"og:type\" content=\"article\" \/>\n<meta property=\"og:title\" content=\"WINTERTRAINING - Leichtathletik - Sportvereinigung B\u00f6blingen e.V.\" \/>\n<meta property=\"og:description\" content=\"Wintertraining Altersklassen Ux = Unter x Jahre, also z.B. U10 = Unter 10 Jahre Trainer\/Innen Zeit und Trainingsort AEG = Albert Einstein Gymnasium, B\u00f6blingen LUS = Ludwig-Uhland-schule, b\u00f6blingen Paladion = SVB Sportstudio, B\u00f6blingen Ochsentrog = Trimmdich Pfad, Maurener Weg 124 Jahrgang U8 und U10 2015-2018!!! Aktuell Aufnahmestopp !!! Kaja Frommer, Luca Gaeta, Anna-Lena Wanner, Chiara [&hellip;]\" \/>\n<meta property=\"og:url\" content=\"https:\/\/www.sv-boeblingen.de\/leichtathletik\/wintertraining\/\" \/>\n<meta property=\"og:site_name\" content=\"Leichtathletik - Sportvereinigung B\u00f6blingen e.V.\" \/>\n<meta property=\"article:modified_time\" content=\"2024-11-06T17:27:27+00:00\" \/>\n<meta property=\"og:image\" content=\"https:\/\/www.sv-boeblingen.de\/leichtathletik\/wp-content\/uploads\/2023\/05\/Anna-Lena-Portraet.jpg\" \/>\n<meta name=\"twitter:card\" content=\"summary_large_image\" \/>\n<meta name=\"twitter:label1\" content=\"Gesch\u00e4tzte Lesezeit\" \/>\n\t<meta name=\"twitter:data1\" content=\"2\u00a0Minuten\" \/>\n<script type=\"application\/ld+json\" class=\"yoast-schema-graph\">{\"@context\":\"https:\/\/schema.org\",\"@graph\":[{\"@type\":\"WebPage\",\"@id\":\"https:\/\/www.sv-boeblingen.de\/leichtathletik\/wintertraining\/\",\"url\":\"https:\/\/www.sv-boeblingen.de\/leichtathletik\/wintertraining\/\",\"name\":\"WINTERTRAINING - Leichtathletik - Sportvereinigung B\u00f6blingen e.V.\",\"isPartOf\":{\"@id\":\"https:\/\/www.sv-boeblingen.de\/leichtathletik\/#website\"},\"datePublished\":\"2020-04-15T19:51:38+00:00\",\"dateModified\":\"2024-11-06T17:27:27+00:00\",\"breadcrumb\":{\"@id\":\"https:\/\/www.sv-boeblingen.de\/leichtathletik\/wintertraining\/#breadcrumb\"},\"inLanguage\":\"de\",\"potentialAction\":[{\"@type\":\"ReadAction\",\"target\":[\"https:\/\/www.sv-boeblingen.de\/leichtathletik\/wintertraining\/\"]}]},{\"@type\":\"BreadcrumbList\",\"@id\":\"https:\/\/www.sv-boeblingen.de\/leichtathletik\/wintertraining\/#breadcrumb\",\"itemListElement\":[{\"@type\":\"ListItem\",\"position\":1,\"name\":\"Home\",\"item\":\"https:\/\/www.sv-boeblingen.de\/leichtathletik\/\"},{\"@type\":\"ListItem\",\"position\":2,\"name\":\"WINTERTRAINING\"}]},{\"@type\":\"WebSite\",\"@id\":\"https:\/\/www.sv-boeblingen.de\/leichtathletik\/#website\",\"url\":\"https:\/\/www.sv-boeblingen.de\/leichtathletik\/\",\"name\":\"Leichtathletik - Sportvereinigung B\u00f6blingen e.V.\",\"description\":\"Wir bewegen B\u00f6blingen.\",\"potentialAction\":[{\"@type\":\"SearchAction\",\"target\":{\"@type\":\"EntryPoint\",\"urlTemplate\":\"https:\/\/www.sv-boeblingen.de\/leichtathletik\/?s={search_term_string}\"},\"query-input\":\"required name=search_term_string\"}],\"inLanguage\":\"de\"}]}<\/script>\n<!-- \/ Yoast SEO plugin. -->","yoast_head_json":{"title":"WINTERTRAINING - Leichtathletik - Sportvereinigung B\u00f6blingen e.V.","robots":{"index":"index","follow":"follow","max-snippet":"max-snippet:-1","max-image-preview":"max-image-preview:large","max-video-preview":"max-video-preview:-1"},"canonical":"https:\/\/www.sv-boeblingen.de\/leichtathletik\/wintertraining\/","og_locale":"de_DE","og_type":"article","og_title":"WINTERTRAINING - Leichtathletik - Sportvereinigung B\u00f6blingen e.V.","og_description":"Wintertraining Altersklassen Ux = Unter x Jahre, also z.B. U10 = Unter 10 Jahre Trainer\/Innen Zeit und Trainingsort AEG = Albert Einstein Gymnasium, B\u00f6blingen LUS = Ludwig-Uhland-schule, b\u00f6blingen Paladion = SVB Sportstudio, B\u00f6blingen Ochsentrog = Trimmdich Pfad, Maurener Weg 124 Jahrgang U8 und U10 2015-2018!!! Aktuell Aufnahmestopp !!! Kaja Frommer, Luca Gaeta, Anna-Lena Wanner, Chiara [&hellip;]","og_url":"https:\/\/www.sv-boeblingen.de\/leichtathletik\/wintertraining\/","og_site_name":"Leichtathletik - Sportvereinigung B\u00f6blingen e.V.","article_modified_time":"2024-11-06T17:27:27+00:00","og_image":[{"url":"https:\/\/www.sv-boeblingen.de\/leichtathletik\/wp-content\/uploads\/2023\/05\/Anna-Lena-Portraet.jpg"}],"twitter_card":"summary_large_image","twitter_misc":{"Gesch\u00e4tzte Lesezeit":"2\u00a0Minuten"},"schema":{"@context":"https:\/\/schema.org","@graph":[{"@type":"WebPage","@id":"https:\/\/www.sv-boeblingen.de\/leichtathletik\/wintertraining\/","url":"https:\/\/www.sv-boeblingen.de\/leichtathletik\/wintertraining\/","name":"WINTERTRAINING - Leichtathletik - Sportvereinigung B\u00f6blingen e.V.","isPartOf":{"@id":"https:\/\/www.sv-boeblingen.de\/leichtathletik\/#website"},"datePublished":"2020-04-15T19:51:38+00:00","dateModified":"2024-11-06T17:27:27+00:00","breadcrumb":{"@id":"https:\/\/www.sv-boeblingen.de\/leichtathletik\/wintertraining\/#breadcrumb"},"inLanguage":"de","potentialAction":[{"@type":"ReadAction","target":["https:\/\/www.sv-boeblingen.de\/leichtathletik\/wintertraining\/"]}]},{"@type":"BreadcrumbList","@id":"https:\/\/www.sv-boeblingen.de\/leichtathletik\/wintertraining\/#breadcrumb","itemListElement":[{"@type":"ListItem","position":1,"name":"Home","item":"https:\/\/www.sv-boeblingen.de\/leichtathletik\/"},{"@type":"ListItem","position":2,"name":"WINTERTRAINING"}]},{"@type":"WebSite","@id":"https:\/\/www.sv-boeblingen.de\/leichtathletik\/#website","url":"https:\/\/www.sv-boeblingen.de\/leichtathletik\/","name":"Leichtathletik - Sportvereinigung B\u00f6blingen e.V.","description":"Wir bewegen B\u00f6blingen.","potentialAction":[{"@type":"SearchAction","target":{"@type":"EntryPoint","urlTemplate":"https:\/\/www.sv-boeblingen.de\/leichtathletik\/?s={search_term_string}"},"query-input":"required name=search_term_string"}],"inLanguage":"de"}]}},"_links":{"self":[{"href":"https:\/\/www.sv-boeblingen.de\/leichtathletik\/wp-json\/wp\/v2\/pages\/204","targetHints":{"allow":["GET"]}}],"collection":[{"href":"https:\/\/www.sv-boeblingen.de\/leichtathletik\/wp-json\/wp\/v2\/pages"}],"about":[{"href":"https:\/\/www.sv-boeblingen.de\/leichtathletik\/wp-json\/wp\/v2\/types\/page"}],"author":[{"embeddable":true,"href":"https:\/\/www.sv-boeblingen.de\/leichtathletik\/wp-json\/wp\/v2\/users\/3"}],"replies":[{"embeddable":true,"href":"https:\/\/www.sv-boeblingen.de\/leichtathletik\/wp-json\/wp\/v2\/comments?post=204"}],"version-history":[{"count":23,"href":"https:\/\/www.sv-boeblingen.de\/leichtathletik\/wp-json\/wp\/v2\/pages\/204\/revisions"}],"predecessor-version":[{"id":1116,"href":"https:\/\/www.sv-boeblingen.de\/leichtathletik\/wp-json\/wp\/v2\/pages\/204\/revisions\/1116"}],"wp:attachment":[{"href":"https:\/\/www.sv-boeblingen.de\/leichtathletik\/wp-json\/wp\/v2\/media?parent=204"}],"curies":[{"name":"wp","href":"https:\/\/api.w.org\/{rel}","templated":true}]}}